 {"id":1004,"date":"2016-08-10T08:51:55","date_gmt":"2016-08-10T08:51:55","guid":{"rendered":"http:\/\/escuelarotarylapalma.com\/?page_id=10"},"modified":"2023-02-17T12:08:07","modified_gmt":"2023-02-17T12:08:07","slug":"eventos","status":"publish","type":"page","link":"https:\/\/escuelarotarylapalma.com\/pt\/otras\/eventos\/","title":{"rendered":"Eventos"},"content":{"rendered":"<p><div class=\"fusion-fullwidth fullwidth-box fusion-builder-row-1 fusion-flex-container fusion-parallax-fixed nonhundred-percent-fullwidth non-hundred-percent-height-scrolling lazyload\" style=\"--awb-background-position:center top;--awb-border-radius-top-left:0px;--awb-border-radius-top-right:0px;--awb-border-radius-bottom-right:0px;--awb-border-radius-bottom-left:0px;--awb-padding-top:8vw;--awb-padding-bottom:8vw;--awb-padding-top-small:54px;--awb-padding-bottom-small:0px;--awb-min-height:70vh;--awb-min-height-small:200px;--awb-background-image:linear-gradient(180deg, rgba(38,46,68,0.2) 0%,rgba(38,46,68,0.52) 100%);;--awb-background-size:cover;--awb-flex-wrap:wrap;background-attachment:fixed;\" data-bg=\"http:\/\/escuelarotarylapalma.com\/wp-content\/uploads\/2022\/02\/portada123-scaled.jpg\" data-bg-gradient=\"linear-gradient(180deg, rgba(38,46,68,0.2) 0%,rgba(38,46,68,0.52) 100%)\" ><div class=\"fusion-builder-row fusion-row fusion-flex-align-items-center fusion-flex-justify-content-center fusion-flex-content-wrap\" style=\"max-width:1216.8px;margin-left: calc(-4% \/ 2 );margin-right: calc(-4% \/ 2 );\"><div class=\"fusion-layout-column fusion_builder_column fusion-builder-column-0 fusion_builder_column_1_1 1_1 fusion-flex-column fusion-animated\" style=\"--awb-padding-top:85px;--awb-bg-size:cover;--awb-width-large:100%;--awb-margin-top-large:0px;--awb-spacing-right-large:1.92%;--awb-margin-bottom-large:20px;--awb-spacing-left-large:1.92%;--awb-width-medium:100%;--awb-order-medium:0;--awb-spacing-right-medium:1.92%;--awb-spacing-left-medium:1.92%;--awb-width-small:100%;--awb-order-small:0;--awb-spacing-right-small:1.92%;--awb-spacing-left-small:1.92%;\" data-animationtype=\"fadeInUp\" data-animationduration=\"0.8\" data-animationoffset=\"top-into-view\"><div class=\"fusion-column-wrapper fusion-column-has-shadow fusion-flex-justify-content-flex-start fusion-content-layout-column\"><div class=\"fusion-title title fusion-title-1 fusion-no-small-visibility fusion-no-medium-visibility fusion-sep-none fusion-title-center fusion-title-text fusion-title-size-one\" style=\"--awb-text-color:var(--awb-color1);--awb-margin-top:100px;--awb-margin-bottom:20px;--awb-font-size:70px;\"><h1 class=\"fusion-title-heading title-heading-center\" style=\"margin:0;font-size:1em;text-transform:uppercase;line-height:1.1em;\">eventos<\/h1><\/div><\/div><\/div><\/div><\/div><div class=\"fusion-fullwidth fullwidth-box fusion-builder-row-2 fusion-flex-container nonhundred-percent-fullwidth non-hundred-percent-height-scrolling\" style=\"--awb-border-radius-top-left:0px;--awb-border-radius-top-right:0px;--awb-border-radius-bottom-right:0px;--awb-border-radius-bottom-left:0px;--awb-padding-top:26px;--awb-min-height:20vh;--awb-background-color:var(--awb-color4);--awb-flex-wrap:wrap;\" ><div class=\"fusion-builder-row fusion-row fusion-flex-align-items-flex-start fusion-flex-content-wrap\" style=\"max-width:1216.8px;margin-left: calc(-4% \/ 2 );margin-right: calc(-4% \/ 2 );\"><div class=\"fusion-layout-column fusion_builder_column fusion-builder-column-1 fusion_builder_column_1_1 1_1 fusion-flex-column\" style=\"--awb-bg-size:cover;--awb-width-large:100%;--awb-margin-top-large:0px;--awb-spacing-right-large:1.92%;--awb-margin-bottom-large:20px;--awb-spacing-left-large:1.92%;--awb-width-medium:100%;--awb-order-medium:0;--awb-spacing-right-medium:1.92%;--awb-spacing-left-medium:1.92%;--awb-width-small:100%;--awb-order-small:0;--awb-spacing-right-small:1.92%;--awb-margin-bottom-small:0px;--awb-spacing-left-small:1.92%;\"><div class=\"fusion-column-wrapper fusion-column-has-shadow fusion-flex-justify-content-flex-start fusion-content-layout-column\"><div class=\"fusion-title title fusion-title-2 fusion-no-large-visibility fusion-sep-none fusion-title-center fusion-title-text fusion-title-size-one\" style=\"--awb-text-color:var(--awb-color1);--awb-margin-bottom:20px;--awb-font-size:40px;\"><h1 class=\"fusion-title-heading title-heading-center\" style=\"margin:0;font-size:1em;text-transform:uppercase;line-height:1.1em;\">EVENTOS<\/h1><\/div><div class=\"fusion-image-element\" style=\"text-align:center;--awb-max-width:150px;--awb-caption-title-font-family:var(--h2_typography-font-family);--awb-caption-title-font-weight:var(--h2_typography-font-weight);--awb-caption-title-font-style:var(--h2_typography-font-style);--awb-caption-title-size:var(--h2_typography-font-size);--awb-caption-title-transform:var(--h2_typography-text-transform);--awb-caption-title-line-height:var(--h2_typography-line-height);--awb-caption-title-letter-spacing:var(--h2_typography-letter-spacing);\"><span class=\"fusion-imageframe imageframe-none imageframe-1 hover-type-none\"><img decoding=\"async\" width=\"1125\" height=\"1246\" title=\"Escola logo Rotary todo branco\" src=\"https:\/\/escuelarotarylapalma.com\/wp-content\/uploads\/2022\/03\/Escuela-logo-Rotary-todo-blanco.png\" data-orig-src=\"http:\/\/escuelarotarylapalma.com\/wp-content\/uploads\/2022\/03\/Escuela-logo-Rotary-todo-blanco.png\" alt class=\"lazyload img-responsive wp-image-1782\" srcset=\"data:image\/svg+xml,%3Csvg%20xmlns%3D%27http%3A%2F%2Fwww.w3.org%2F2000%2Fsvg%27%20width%3D%271125%27%20height%3D%271246%27%20viewBox%3D%270%200%201125%201246%27%3E%3Crect%20width%3D%271125%27%20height%3D%271246%27%20fill-opacity%3D%220%22%2F%3E%3C%2Fsvg%3E\" data-srcset=\"https:\/\/escuelarotarylapalma.com\/wp-content\/uploads\/2022\/03\/Escuela-logo-Rotary-todo-blanco-200x222.png 200w, https:\/\/escuelarotarylapalma.com\/wp-content\/uploads\/2022\/03\/Escuela-logo-Rotary-todo-blanco-400x443.png 400w, https:\/\/escuelarotarylapalma.com\/wp-content\/uploads\/2022\/03\/Escuela-logo-Rotary-todo-blanco-600x665.png 600w, https:\/\/escuelarotarylapalma.com\/wp-content\/uploads\/2022\/03\/Escuela-logo-Rotary-todo-blanco-800x886.png 800w, https:\/\/escuelarotarylapalma.com\/wp-content\/uploads\/2022\/03\/Escuela-logo-Rotary-todo-blanco.png 1125w\" data-sizes=\"auto\" data-orig-sizes=\"(max-width: 1024px) 100vw, (max-width: 640px) 100vw, 1125px\" \/><\/span><\/div><div class=\"fusion-text fusion-text-1 fusion-text-no-margin\" style=\"--awb-content-alignment:center;--awb-font-size:18px;--awb-line-height:var(--awb-typography2-line-height);--awb-letter-spacing:var(--awb-typography2-letter-spacing);--awb-text-transform:var(--awb-typography2-text-transform);--awb-text-color:var(--awb-color1);--awb-margin-top:10px;--awb-margin-bottom:40px;--awb-text-font-family:var(--awb-typography2-font-family);--awb-text-font-weight:var(--awb-typography2-font-weight);--awb-text-font-style:var(--awb-typography2-font-style);\"><p><b><span style=\"color: var(--awb-color1);\">Conhe\u00e7a e participe dos <\/span><span style=\"font-family: var(--awb-typography2-font-family); font-size: var(--awb-typography2-font-size); font-style: var(--awb-typography2-font-style); letter-spacing: var(--awb-typography2-letter-spacing); text-transform: var(--awb-typography2-text-transform); color: var(--awb-color1);\">eventos para angariar apoios para o projecto<\/span><\/b><\/p>\n<h3 style=\"color: var(--awb-color4);\"><b style=\"color: var(--awb-color1);\">&#034;ESCOLA ROTARY PALMA DA M\u00c3O&#034;<\/b><\/h3>\n<\/div><\/div><\/div><\/div><\/div><div class=\"fusion-fullwidth fullwidth-box fusion-builder-row-3 fusion-flex-container hundred-percent-fullwidth non-hundred-percent-height-scrolling\" style=\"--awb-background-position:left top;--awb-border-sizes-top:0px;--awb-border-sizes-bottom:0px;--awb-border-sizes-left:0px;--awb-border-sizes-right:0px;--awb-border-radius-top-left:0px;--awb-border-radius-top-right:0px;--awb-border-radius-bottom-right:0px;--awb-border-radius-bottom-left:0px;--awb-padding-top:31px;--awb-padding-bottom:29px;--awb-padding-right-small:0px;--awb-padding-left-small:0px;--awb-background-color:hsla(var(--awb-color3-h),var(--awb-color3-s),calc( var(--awb-color3-l) + 7% ),var(--awb-color3-a));--awb-flex-wrap:wrap;\" ><div class=\"fusion-builder-row fusion-row fusion-flex-align-items-flex-start fusion-flex-content-wrap\" style=\"width:calc( 100% + 0px ) !important;max-width:calc( 100% + 0px ) !important;margin-left: calc(-0px \/ 2 );margin-right: calc(-0px \/ 2 );\"><div class=\"fusion-layout-column fusion_builder_column fusion-builder-column-2 fusion_builder_column_1_1 1_1 fusion-flex-column\" style=\"--awb-padding-right:100px;--awb-padding-left:100px;--awb-padding-right-small:34px;--awb-padding-left-small:35px;--awb-bg-size:cover;--awb-width-large:100%;--awb-margin-top-large:0px;--awb-spacing-right-large:0px;--awb-margin-bottom-large:20px;--awb-spacing-left-large:50px;--awb-width-medium:100%;--awb-spacing-right-medium:0px;--awb-spacing-left-medium:0px;--awb-width-small:100%;--awb-spacing-right-small:0px;--awb-spacing-left-small:0px;\"><div class=\"fusion-column-wrapper fusion-flex-justify-content-flex-start fusion-content-layout-column\"><div class=\"fusion-events-shortcode fusion-events-shortcode-1 fusion-events-pagination-pagination fusion-events-layout-center\" style=\"margin-left: -12.5px;margin-right: -12.5px;\"><div class=\"fusion-events-wrapper\" data-pages=\"1\"><div class=\"fusion-events-post fusion-spacing-no fusion-one-fourth fusion-layout-column\" style=\"padding:12.5px\"><div class=\"fusion-column-wrapper\"><div class=\"fusion-events-thumbnail hover-type-none\"><a href=\"https:\/\/escuelarotarylapalma.com\/pt\/event\/7-clubes-rotarios-de-madrid-organizan-conjuntamente-un-torneo-de-mus-rotary-interclubs-a-favor-del-proyecto-uno-para-la-palma\/\" class=\"url\" rel=\"bookmark\" aria-label=\"7 Clubes Rotarios de Madrid organizan conjuntamente un torneo de mus \u00abROTARY INTERCLUBS\u00bb, a favor del proyecto \u00abUNO PARA LA PALMA\u00bb\"><img decoding=\"async\" width=\"797\" height=\"1600\" src=\"https:\/\/escuelarotarylapalma.com\/wp-content\/uploads\/2022\/10\/PHOTO-2022-10-27-09-36-24.jpg\" class=\"attachment-full size-full lazyload wp-post-image\" alt=\"\" srcset=\"data:image\/svg+xml,%3Csvg%20xmlns%3D%27http%3A%2F%2Fwww.w3.org%2F2000%2Fsvg%27%20width%3D%27797%27%20height%3D%271600%27%20viewBox%3D%270%200%20797%201600%27%3E%3Crect%20width%3D%27797%27%20height%3D%271600%27%20fill-opacity%3D%220%22%2F%3E%3C%2Fsvg%3E\" data-orig-src=\"https:\/\/escuelarotarylapalma.com\/wp-content\/uploads\/2022\/10\/PHOTO-2022-10-27-09-36-24.jpg\" data-srcset=\"https:\/\/escuelarotarylapalma.com\/wp-content\/uploads\/2022\/10\/PHOTO-2022-10-27-09-36-24-200x402.jpg 200w, https:\/\/escuelarotarylapalma.com\/wp-content\/uploads\/2022\/10\/PHOTO-2022-10-27-09-36-24-400x803.jpg 400w, https:\/\/escuelarotarylapalma.com\/wp-content\/uploads\/2022\/10\/PHOTO-2022-10-27-09-36-24-600x1205.jpg 600w, https:\/\/escuelarotarylapalma.com\/wp-content\/uploads\/2022\/10\/PHOTO-2022-10-27-09-36-24.jpg 797w\" data-sizes=\"auto\" \/><\/a><\/div><div class=\"fusion-events-content-wrapper\" style=\"padding:20px 20px 20px 20px;\"><div class=\"fusion-events-meta\"><h2><a href=\"https:\/\/escuelarotarylapalma.com\/pt\/event\/7-clubes-rotarios-de-madrid-organizan-conjuntamente-un-torneo-de-mus-rotary-interclubs-a-favor-del-proyecto-uno-para-la-palma\/\" class=\"url\" rel=\"bookmark\">7 Clubes Rotarios de Madrid organizan conjuntamente un torneo de mus \u00abROTARY INTERCLUBS\u00bb, a favor del proyecto \u00abUNO PARA LA PALMA\u00bb<\/a><\/h2><h4><span class=\"tribe-event-date-start\">19\/11\/2022 | 17:00<\/span><\/h4><\/div><\/div><\/div><\/div><div class=\"fusion-events-post fusion-spacing-no fusion-one-fourth fusion-layout-column\" style=\"padding:12.5px\"><div class=\"fusion-column-wrapper\"><div class=\"fusion-events-thumbnail hover-type-none\"><a href=\"https:\/\/escuelarotarylapalma.com\/pt\/event\/el-rotary-club-tenerife-sur-organiza-la-conferencia-explorando-la-crisis-climatica-de-la-mano-de-pancho-campo-la-recaudacion-ira-destinada-al-proyecto-uno-para-la-palma\/\" class=\"url\" rel=\"bookmark\" aria-label=\"El Rotary Club Tenerife Sur organiza la conferencia \u201dExplorando La Crisis Clim\u00e1tica\u201d de la mano de Pancho Campo. La recaudaci\u00f3n ir\u00e1 destinada al Proyecto \u201dUno Para La Palma\u201d\"><img decoding=\"async\" width=\"1080\" height=\"1528\" src=\"https:\/\/escuelarotarylapalma.com\/wp-content\/uploads\/2022\/10\/5D0015A0-33A1-42EF-A615-63AE3462BEDF.jpeg\" class=\"attachment-full size-full lazyload wp-post-image\" alt=\"\" srcset=\"data:image\/svg+xml,%3Csvg%20xmlns%3D%27http%3A%2F%2Fwww.w3.org%2F2000%2Fsvg%27%20width%3D%271080%27%20height%3D%271528%27%20viewBox%3D%270%200%201080%201528%27%3E%3Crect%20width%3D%271080%27%20height%3D%271528%27%20fill-opacity%3D%220%22%2F%3E%3C%2Fsvg%3E\" data-orig-src=\"https:\/\/escuelarotarylapalma.com\/wp-content\/uploads\/2022\/10\/5D0015A0-33A1-42EF-A615-63AE3462BEDF.jpeg\" data-srcset=\"https:\/\/escuelarotarylapalma.com\/wp-content\/uploads\/2022\/10\/5D0015A0-33A1-42EF-A615-63AE3462BEDF-200x283.jpeg 200w, https:\/\/escuelarotarylapalma.com\/wp-content\/uploads\/2022\/10\/5D0015A0-33A1-42EF-A615-63AE3462BEDF-400x566.jpeg 400w, https:\/\/escuelarotarylapalma.com\/wp-content\/uploads\/2022\/10\/5D0015A0-33A1-42EF-A615-63AE3462BEDF-600x849.jpeg 600w, https:\/\/escuelarotarylapalma.com\/wp-content\/uploads\/2022\/10\/5D0015A0-33A1-42EF-A615-63AE3462BEDF-800x1132.jpeg 800w, https:\/\/escuelarotarylapalma.com\/wp-content\/uploads\/2022\/10\/5D0015A0-33A1-42EF-A615-63AE3462BEDF.jpeg 1080w\" data-sizes=\"auto\" \/><\/a><\/div><div class=\"fusion-events-content-wrapper\" style=\"padding:20px 20px 20px 20px;\"><div class=\"fusion-events-meta\"><h2><a href=\"https:\/\/escuelarotarylapalma.com\/pt\/event\/el-rotary-club-tenerife-sur-organiza-la-conferencia-explorando-la-crisis-climatica-de-la-mano-de-pancho-campo-la-recaudacion-ira-destinada-al-proyecto-uno-para-la-palma\/\" class=\"url\" rel=\"bookmark\">El Rotary Club Tenerife Sur organiza la conferencia \u201dExplorando La Crisis Clim\u00e1tica\u201d de la mano de Pancho Campo. La recaudaci\u00f3n ir\u00e1 destinada al Proyecto \u201dUno Para La Palma\u201d<\/a><\/h2><h4><span class=\"tribe-event-date-start\">05\/10\/2022 | 19:00<\/span> - <span class=\"tribe-event-time\">21:30<\/span><\/h4><\/div><\/div><\/div><\/div><div class=\"fusion-events-post fusion-spacing-no fusion-one-fourth fusion-layout-column\" style=\"padding:12.5px\"><div class=\"fusion-column-wrapper\"><div class=\"fusion-events-thumbnail hover-type-none\"><a href=\"https:\/\/escuelarotarylapalma.com\/pt\/event\/gran-gala-solidaria-del-rotary-club-tenerife-sur-a-favor-del-proyecto-uno-para-la-palma-2\/\" class=\"url\" rel=\"bookmark\" aria-label=\"Grande Gala Solid\u00e1ria do Rotary Club de Tenerife Sul a favor do Projeto &quot;Um Para LA Palma&quot;.\"><img decoding=\"async\" width=\"1829\" height=\"2560\" src=\"https:\/\/escuelarotarylapalma.com\/wp-content\/uploads\/2022\/03\/POSTER-GALA-1PORLAPALMA-ESPANOL-copia-scaled.jpg\" class=\"attachment-full size-full lazyload wp-post-image\" alt=\"\" srcset=\"data:image\/svg+xml,%3Csvg%20xmlns%3D%27http%3A%2F%2Fwww.w3.org%2F2000%2Fsvg%27%20width%3D%271829%27%20height%3D%272560%27%20viewBox%3D%270%200%201829%202560%27%3E%3Crect%20width%3D%271829%27%20height%3D%272560%27%20fill-opacity%3D%220%22%2F%3E%3C%2Fsvg%3E\" data-orig-src=\"https:\/\/escuelarotarylapalma.com\/wp-content\/uploads\/2022\/03\/POSTER-GALA-1PORLAPALMA-ESPANOL-copia-scaled.jpg\" data-srcset=\"https:\/\/escuelarotarylapalma.com\/wp-content\/uploads\/2022\/03\/POSTER-GALA-1PORLAPALMA-ESPANOL-copia-200x280.jpg 200w, https:\/\/escuelarotarylapalma.com\/wp-content\/uploads\/2022\/03\/POSTER-GALA-1PORLAPALMA-ESPANOL-copia-400x560.jpg 400w, https:\/\/escuelarotarylapalma.com\/wp-content\/uploads\/2022\/03\/POSTER-GALA-1PORLAPALMA-ESPANOL-copia-600x840.jpg 600w, https:\/\/escuelarotarylapalma.com\/wp-content\/uploads\/2022\/03\/POSTER-GALA-1PORLAPALMA-ESPANOL-copia-800x1120.jpg 800w, https:\/\/escuelarotarylapalma.com\/wp-content\/uploads\/2022\/03\/POSTER-GALA-1PORLAPALMA-ESPANOL-copia-scaled.jpg 1829w\" data-sizes=\"auto\" \/><\/a><\/div><div class=\"fusion-events-content-wrapper\" style=\"padding:20px 20px 20px 20px;\"><div class=\"fusion-events-meta\"><h2><a href=\"https:\/\/escuelarotarylapalma.com\/pt\/event\/gran-gala-solidaria-del-rotary-club-tenerife-sur-a-favor-del-proyecto-uno-para-la-palma-2\/\" class=\"url\" rel=\"bookmark\">Grande Gala Solid\u00e1ria do Rotary Club de Tenerife Sul a favor do Projeto \"Um Para LA Palma\".<\/a><\/h2><h4><span class=\"tribe-event-date-start\">21\/05\/2022 | 20:30<\/span> - <span class=\"tribe-event-time\">23:30<\/span><\/h4><\/div><\/div><\/div><\/div><div class=\"fusion-events-post fusion-spacing-no fusion-one-fourth fusion-layout-column fusion-column-last\" style=\"padding:12.5px\"><div class=\"fusion-column-wrapper\"><div class=\"fusion-events-thumbnail hover-type-none\"><a href=\"https:\/\/escuelarotarylapalma.com\/pt\/event\/el-rotary-club-madrid-organiza-una-conferencia-de-ana-de-la-cueva-fernandez-presidenta-del-consejo-de-administracion-de-patrimonio-nacional-la-recaudacion-sera-para-el-proyecto-centro-educativo-de-r\/\" class=\"url\" rel=\"bookmark\" aria-label=\"O Rotary Club de Madrid, organiza uma Confer\u00eancia de Ana da Caverna Fern\u00e1ndez, Presidente do Conselho de Administra\u00e7\u00e3o de Patrim\u00f4nio Nacional. A arrecada\u00e7\u00e3o ser\u00e1 para o Projeto Centro Educacional do Rotary na Palma Da m\u00e3o.\"><img decoding=\"async\" width=\"940\" height=\"788\" src=\"https:\/\/escuelarotarylapalma.com\/wp-content\/uploads\/2022\/03\/WhatsApp-Image-2022-03-14-at-14.29.14.jpeg\" class=\"attachment-full size-full lazyload wp-post-image\" alt=\"\" srcset=\"data:image\/svg+xml,%3Csvg%20xmlns%3D%27http%3A%2F%2Fwww.w3.org%2F2000%2Fsvg%27%20width%3D%27940%27%20height%3D%27788%27%20viewBox%3D%270%200%20940%20788%27%3E%3Crect%20width%3D%27940%27%20height%3D%27788%27%20fill-opacity%3D%220%22%2F%3E%3C%2Fsvg%3E\" data-orig-src=\"https:\/\/escuelarotarylapalma.com\/wp-content\/uploads\/2022\/03\/WhatsApp-Image-2022-03-14-at-14.29.14.jpeg\" data-srcset=\"https:\/\/escuelarotarylapalma.com\/wp-content\/uploads\/2022\/03\/WhatsApp-Image-2022-03-14-at-14.29.14-200x168.jpeg 200w, https:\/\/escuelarotarylapalma.com\/wp-content\/uploads\/2022\/03\/WhatsApp-Image-2022-03-14-at-14.29.14-400x335.jpeg 400w, https:\/\/escuelarotarylapalma.com\/wp-content\/uploads\/2022\/03\/WhatsApp-Image-2022-03-14-at-14.29.14-600x503.jpeg 600w, https:\/\/escuelarotarylapalma.com\/wp-content\/uploads\/2022\/03\/WhatsApp-Image-2022-03-14-at-14.29.14-800x671.jpeg 800w, https:\/\/escuelarotarylapalma.com\/wp-content\/uploads\/2022\/03\/WhatsApp-Image-2022-03-14-at-14.29.14.jpeg 940w\" data-sizes=\"auto\" \/><\/a><\/div><div class=\"fusion-events-content-wrapper\" style=\"padding:20px 20px 20px 20px;\"><div class=\"fusion-events-meta\"><h2><a href=\"https:\/\/escuelarotarylapalma.com\/pt\/event\/el-rotary-club-madrid-organiza-una-conferencia-de-ana-de-la-cueva-fernandez-presidenta-del-consejo-de-administracion-de-patrimonio-nacional-la-recaudacion-sera-para-el-proyecto-centro-educativo-de-r\/\" class=\"url\" rel=\"bookmark\">O Rotary Club de Madrid, organiza uma Confer\u00eancia de Ana da Caverna Fern\u00e1ndez, Presidente do Conselho de Administra\u00e7\u00e3o de Patrim\u00f4nio Nacional. A arrecada\u00e7\u00e3o ser\u00e1 para o Projeto Centro Educacional do Rotary na Palma Da m\u00e3o.<\/a><\/h2><h4><span class=\"tribe-event-date-start\">21\/03\/2022 | 19:30<\/span> - <span class=\"tribe-event-time\">21:00<\/span><\/h4><\/div><\/div><\/div><\/div><div class=\"fusion-clearfix\"><\/div><div class=\"fusion-events-post fusion-spacing-no fusion-one-fourth fusion-layout-column\" style=\"padding:12.5px\"><div class=\"fusion-column-wrapper\"><div class=\"fusion-events-thumbnail hover-type-none\"><a href=\"https:\/\/escuelarotarylapalma.com\/pt\/event\/gala-solidaria-gran-canaria\/\" class=\"url\" rel=\"bookmark\" aria-label=\"GALA SOLID\u00c1RIA da Alian\u00e7a Francesa em Gran Canaria a favor do Projeto Centro Educacional Rotary na Palma Da m\u00e3o.\"><img decoding=\"async\" width=\"724\" height=\"1024\" src=\"https:\/\/escuelarotarylapalma.com\/wp-content\/uploads\/2022\/03\/PHOTO-2022-02-18-10-35-17.jpg\" class=\"attachment-full size-full lazyload wp-post-image\" alt=\"\" srcset=\"data:image\/svg+xml,%3Csvg%20xmlns%3D%27http%3A%2F%2Fwww.w3.org%2F2000%2Fsvg%27%20width%3D%27724%27%20height%3D%271024%27%20viewBox%3D%270%200%20724%201024%27%3E%3Crect%20width%3D%27724%27%20height%3D%271024%27%20fill-opacity%3D%220%22%2F%3E%3C%2Fsvg%3E\" data-orig-src=\"https:\/\/escuelarotarylapalma.com\/wp-content\/uploads\/2022\/03\/PHOTO-2022-02-18-10-35-17.jpg\" data-srcset=\"https:\/\/escuelarotarylapalma.com\/wp-content\/uploads\/2022\/03\/PHOTO-2022-02-18-10-35-17-200x283.jpg 200w, https:\/\/escuelarotarylapalma.com\/wp-content\/uploads\/2022\/03\/PHOTO-2022-02-18-10-35-17-400x566.jpg 400w, https:\/\/escuelarotarylapalma.com\/wp-content\/uploads\/2022\/03\/PHOTO-2022-02-18-10-35-17-600x849.jpg 600w, https:\/\/escuelarotarylapalma.com\/wp-content\/uploads\/2022\/03\/PHOTO-2022-02-18-10-35-17.jpg 724w\" data-sizes=\"auto\" \/><\/a><\/div><div class=\"fusion-events-content-wrapper\" style=\"padding:20px 20px 20px 20px;\"><div class=\"fusion-events-meta\"><h2><a href=\"https:\/\/escuelarotarylapalma.com\/pt\/event\/gala-solidaria-gran-canaria\/\" class=\"url\" rel=\"bookmark\">GALA SOLID\u00c1RIA da Alian\u00e7a Francesa em Gran Canaria a favor do Projeto Centro Educacional Rotary na Palma Da m\u00e3o.<\/a><\/h2><h4><span class=\"tribe-event-date-start\">20\/03\/2022 | 19:00<\/span> - <span class=\"tribe-event-time\">21:00<\/span><\/h4><\/div><\/div><\/div><\/div><div class=\"fusion-events-post fusion-spacing-no fusion-one-fourth fusion-layout-column\" style=\"padding:12.5px\"><div class=\"fusion-column-wrapper\"><div class=\"fusion-events-thumbnail hover-type-none\"><a href=\"https:\/\/escuelarotarylapalma.com\/pt\/event\/el-rotary-club-madrid-international-organiza-una-conferencia-de-javier-fernandez-lasquetty-y-blanc-consejero-de-la-comunidad-de-madrid-la-recaudacion-sera-para-el-proyecto-centro-educativo-de-rotary\/\" class=\"url\" rel=\"bookmark\" aria-label=\"O Rotary Club de Madrid International organiza uma Confer\u00eancia de Javier Fern\u00e1ndez-Lasquetty e Blanc, Conselheiro da Comunidade de Madrid. A arrecada\u00e7\u00e3o ser\u00e1 para o Projeto Centro Educacional do Rotary na Palma Da m\u00e3o.\"><img decoding=\"async\" width=\"940\" height=\"788\" src=\"https:\/\/escuelarotarylapalma.com\/wp-content\/uploads\/2022\/03\/PHOTO-2022-03-10-09-01-15.jpg\" class=\"attachment-full size-full lazyload wp-post-image\" alt=\"\" srcset=\"data:image\/svg+xml,%3Csvg%20xmlns%3D%27http%3A%2F%2Fwww.w3.org%2F2000%2Fsvg%27%20width%3D%27940%27%20height%3D%27788%27%20viewBox%3D%270%200%20940%20788%27%3E%3Crect%20width%3D%27940%27%20height%3D%27788%27%20fill-opacity%3D%220%22%2F%3E%3C%2Fsvg%3E\" data-orig-src=\"https:\/\/escuelarotarylapalma.com\/wp-content\/uploads\/2022\/03\/PHOTO-2022-03-10-09-01-15.jpg\" data-srcset=\"https:\/\/escuelarotarylapalma.com\/wp-content\/uploads\/2022\/03\/PHOTO-2022-03-10-09-01-15-200x168.jpg 200w, https:\/\/escuelarotarylapalma.com\/wp-content\/uploads\/2022\/03\/PHOTO-2022-03-10-09-01-15-400x335.jpg 400w, https:\/\/escuelarotarylapalma.com\/wp-content\/uploads\/2022\/03\/PHOTO-2022-03-10-09-01-15-600x503.jpg 600w, https:\/\/escuelarotarylapalma.com\/wp-content\/uploads\/2022\/03\/PHOTO-2022-03-10-09-01-15-800x671.jpg 800w, https:\/\/escuelarotarylapalma.com\/wp-content\/uploads\/2022\/03\/PHOTO-2022-03-10-09-01-15.jpg 940w\" data-sizes=\"auto\" \/><\/a><\/div><div class=\"fusion-events-content-wrapper\" style=\"padding:20px 20px 20px 20px;\"><div class=\"fusion-events-meta\"><h2><a href=\"https:\/\/escuelarotarylapalma.com\/pt\/event\/el-rotary-club-madrid-international-organiza-una-conferencia-de-javier-fernandez-lasquetty-y-blanc-consejero-de-la-comunidad-de-madrid-la-recaudacion-sera-para-el-proyecto-centro-educativo-de-rotary\/\" class=\"url\" rel=\"bookmark\">O Rotary Club de Madrid International organiza uma Confer\u00eancia de Javier Fern\u00e1ndez-Lasquetty e Blanc, Conselheiro da Comunidade de Madrid. A arrecada\u00e7\u00e3o ser\u00e1 para o Projeto Centro Educacional do Rotary na Palma Da m\u00e3o.<\/a><\/h2><h4><span class=\"tribe-event-date-start\">14\/03\/2022 | 19:30<\/span> - <span class=\"tribe-event-time\">21:00<\/span><\/h4><\/div><\/div><\/div><\/div><div class=\"fusion-clearfix\"><\/div><\/div><\/div><\/div><\/div><\/div><\/div><div class=\"fusion-fullwidth fullwidth-box fusion-builder-row-4 fusion-flex-container fusion-parallax-none nonhundred-percent-fullwidth non-hundred-percent-height-scrolling lazyload\" style=\"--awb-border-sizes-top:0px;--awb-border-sizes-bottom:0px;--awb-border-sizes-left:0px;--awb-border-sizes-right:0px;--awb-border-radius-top-left:0px;--awb-border-radius-top-right:0px;--awb-border-radius-bottom-right:0px;--awb-border-radius-bottom-left:0px;--awb-padding-top:79px;--awb-padding-bottom:105px;--awb-background-size:cover;--awb-flex-wrap:wrap;\" data-bg=\"http:\/\/escuelarotarylapalma.com\/wp-content\/uploads\/2022\/02\/resultados-2000x1200-1.jpg\" ><div class=\"fusion-builder-row fusion-row fusion-flex-align-items-flex-start fusion-flex-content-wrap\" style=\"max-width:calc( 1170px + 0px );margin-left: calc(-0px \/ 2 );margin-right: calc(-0px \/ 2 );\"><div class=\"fusion-layout-column fusion_builder_column fusion-builder-column-3 fusion_builder_column_1_1 1_1 fusion-flex-column\" style=\"--awb-padding-right:11%;--awb-padding-left:11%;--awb-bg-size:cover;--awb-width-large:100%;--awb-margin-top-large:0px;--awb-spacing-right-large:0px;--awb-margin-bottom-large:20px;--awb-spacing-left-large:0px;--awb-width-medium:100%;--awb-spacing-right-medium:0px;--awb-spacing-left-medium:0px;--awb-width-small:100%;--awb-spacing-right-small:0px;--awb-spacing-left-small:0px;\"><div class=\"fusion-column-wrapper fusion-flex-justify-content-flex-start fusion-content-layout-column\"><div class=\"fusion-image-element\" style=\"text-align:center;--awb-margin-bottom:30px;--awb-max-width:150px;--awb-caption-title-font-family:var(--h2_typography-font-family);--awb-caption-title-font-weight:var(--h2_typography-font-weight);--awb-caption-title-font-style:var(--h2_typography-font-style);--awb-caption-title-size:var(--h2_typography-font-size);--awb-caption-title-transform:var(--h2_typography-text-transform);--awb-caption-title-line-height:var(--h2_typography-line-height);--awb-caption-title-letter-spacing:var(--h2_typography-letter-spacing);\"><span class=\"fusion-imageframe imageframe-none imageframe-2 hover-type-none\"><img decoding=\"async\" width=\"1125\" height=\"1246\" title=\"Escola logo Rotary todo branco\" src=\"https:\/\/escuelarotarylapalma.com\/wp-content\/uploads\/2022\/03\/Escuela-logo-Rotary-todo-blanco.png\" data-orig-src=\"http:\/\/escuelarotarylapalma.com\/wp-content\/uploads\/2022\/03\/Escuela-logo-Rotary-todo-blanco.png\" alt class=\"lazyload img-responsive wp-image-1782\" srcset=\"data:image\/svg+xml,%3Csvg%20xmlns%3D%27http%3A%2F%2Fwww.w3.org%2F2000%2Fsvg%27%20width%3D%271125%27%20height%3D%271246%27%20viewBox%3D%270%200%201125%201246%27%3E%3Crect%20width%3D%271125%27%20height%3D%271246%27%20fill-opacity%3D%220%22%2F%3E%3C%2Fsvg%3E\" data-srcset=\"https:\/\/escuelarotarylapalma.com\/wp-content\/uploads\/2022\/03\/Escuela-logo-Rotary-todo-blanco-200x222.png 200w, https:\/\/escuelarotarylapalma.com\/wp-content\/uploads\/2022\/03\/Escuela-logo-Rotary-todo-blanco-400x443.png 400w, https:\/\/escuelarotarylapalma.com\/wp-content\/uploads\/2022\/03\/Escuela-logo-Rotary-todo-blanco-600x665.png 600w, https:\/\/escuelarotarylapalma.com\/wp-content\/uploads\/2022\/03\/Escuela-logo-Rotary-todo-blanco-800x886.png 800w, https:\/\/escuelarotarylapalma.com\/wp-content\/uploads\/2022\/03\/Escuela-logo-Rotary-todo-blanco.png 1125w\" data-sizes=\"auto\" data-orig-sizes=\"(max-width: 1024px) 100vw, (max-width: 640px) 100vw, 1125px\" \/><\/span><\/div><div class=\"fusion-title title fusion-title-3 fusion-sep-none fusion-title-center fusion-title-text fusion-title-size-two\" style=\"--awb-text-color:var(--awb-color1);\"><h2 class=\"fusion-title-heading title-heading-center\" style=\"margin:0;text-transform:uppercase;line-height:1;\">COLABORAR<\/h2><\/div><div class=\"fusion-separator\" style=\"align-self: center;margin-left: auto;margin-right: auto;margin-top:0px;margin-bottom:40px;width:100%;max-width:200px;\"><div class=\"fusion-separator-border sep-single sep-solid\" style=\"--awb-height:20px;--awb-amount:20px;--awb-sep-color:var(--awb-color4);border-color:var(--awb-color4);border-top-width:3px;\"><\/div><\/div><div class=\"fusion-text fusion-text-2\" style=\"--awb-content-alignment:center;--awb-font-size:var(--awb-typography2-font-size);--awb-line-height:var(--awb-typography2-line-height);--awb-letter-spacing:var(--awb-typography2-letter-spacing);--awb-text-transform:var(--awb-typography2-text-transform);--awb-text-color:var(--awb-color1);--awb-text-font-family:var(--awb-typography2-font-family);--awb-text-font-weight:var(--awb-typography2-font-weight);--awb-text-font-style:var(--awb-typography2-font-style);\"><p>Traz uma quantidade (a partir de um Euro) para construir um Centro Educacional na Palma Da m\u00e3o e enviando uma foto com o \u00edndice levantado com que apoyar\u00e1s a iniciativa<\/p>\n<p>\"UM PARA LA PALMA\"<\/p>\n<\/div><div class=\"fusion-separator fusion-full-width-sep\" style=\"align-self: center;margin-left: auto;margin-right: auto;margin-top:25px;width:100%;\"><\/div><div class=\"fusion-builder-row fusion-builder-row-inner fusion-row fusion-flex-align-items-flex-start fusion-flex-content-wrap\" style=\"width:calc( 100% + 0px ) !important;max-width:calc( 100% + 0px ) !important;margin-left: calc(-0px \/ 2 );margin-right: calc(-0px \/ 2 );\"><div class=\"fusion-layout-column fusion_builder_column_inner fusion-builder-nested-column-0 fusion_builder_column_inner_1_4 1_4 fusion-flex-column\" style=\"--awb-bg-size:cover;--awb-width-large:25%;--awb-margin-top-large:0px;--awb-spacing-right-large:0px;--awb-margin-bottom-large:20px;--awb-spacing-left-large:0px;--awb-width-medium:100%;--awb-spacing-right-medium:0px;--awb-spacing-left-medium:0px;--awb-width-small:100%;--awb-spacing-right-small:0px;--awb-spacing-left-small:0px;\"><div class=\"fusion-column-wrapper fusion-flex-justify-content-flex-start fusion-content-layout-column\"><\/div><\/div><div class=\"fusion-layout-column fusion_builder_column_inner fusion-builder-nested-column-1 fusion_builder_column_inner_1_4 1_4 fusion-flex-column fusion-column-inner-bg-wrapper\" style=\"--awb-inner-bg-size:cover;--awb-width-large:25%;--awb-margin-top-large:0px;--awb-spacing-right-large:0px;--awb-margin-bottom-large:20px;--awb-spacing-left-large:0px;--awb-width-medium:100%;--awb-spacing-right-medium:0px;--awb-spacing-left-medium:0px;--awb-width-small:100%;--awb-spacing-right-small:0px;--awb-spacing-left-small:0px;\"><span class=\"fusion-column-inner-bg hover-type-none\"><a class=\"fusion-column-anchor\" href=\"http:\/\/escuelarotarylapalma.com\/pt\/unete\/\"><span class=\"fusion-column-inner-bg-image\"><\/span><\/a><\/span><div class=\"fusion-column-wrapper fusion-flex-justify-content-flex-start fusion-content-layout-column\"><div style=\"text-align:center;\"><a class=\"fusion-button button-flat fusion-button-default-size button-custom fusion-button-default button-1 fusion-button-default-span fusion-button-default-type\" style=\"--button_accent_color:var(--awb-color1);--button_accent_hover_color:var(--awb-color4);--button_border_hover_color:var(--awb-color4);--button_border_width-top:2px;--button_border_width-right:2px;--button_border_width-bottom:2px;--button_border_width-left:2px;--button_gradient_top_color:rgba(254,201,107,0);--button_gradient_bottom_color:rgba(254,201,107,0);--button_gradient_top_color_hover:rgba(0,0,0,0);--button_gradient_bottom_color_hover:rgba(0,0,0,0);\" target=\"_self\" href=\"http:\/\/escuelarotarylapalma.com\/pt\/unete\/\"><i class=\"fa-hand-pointer fas button-icon-left\" aria-hidden=\"true\"><\/i><span class=\"fusion-button-text\">JUNTE-se<\/span><\/a><\/div><\/div><\/div><div class=\"fusion-layout-column fusion_builder_column_inner fusion-builder-nested-column-2 fusion_builder_column_inner_1_4 1_4 fusion-flex-column\" style=\"--awb-bg-size:cover;--awb-width-large:25%;--awb-margin-top-large:0px;--awb-spacing-right-large:0px;--awb-margin-bottom-large:20px;--awb-spacing-left-large:0px;--awb-width-medium:100%;--awb-spacing-right-medium:0px;--awb-spacing-left-medium:0px;--awb-width-small:100%;--awb-spacing-right-small:0px;--awb-spacing-left-small:0px;\"><div class=\"fusion-column-wrapper fusion-flex-justify-content-flex-start fusion-content-layout-column\"><div style=\"text-align:center;\"><a class=\"fusion-button button-flat fusion-button-default-size button-custom fusion-button-default button-2 fusion-button-default-span fusion-button-default-type\" style=\"--button_accent_color:var(--awb-color1);--button_accent_hover_color:var(--awb-color4);--button_border_hover_color:var(--awb-color4);--button_border_width-top:2px;--button_border_width-right:2px;--button_border_width-bottom:2px;--button_border_width-left:2px;--button_gradient_top_color:rgba(254,201,107,0);--button_gradient_bottom_color:rgba(254,201,107,0);--button_gradient_top_color_hover:rgba(0,0,0,0);--button_gradient_bottom_color_hover:rgba(0,0,0,0);\" target=\"_self\" href=\"https:\/\/escuelarotarylapalma.com\/pt\/donate\/\"><i class=\"fa-hand-holding-heart fas button-icon-left\" aria-hidden=\"true\"><\/i><span class=\"fusion-button-text\">DOE AGORA<\/span><\/a><\/div><\/div><\/div><div class=\"fusion-layout-column fusion_builder_column_inner fusion-builder-nested-column-3 fusion_builder_column_inner_1_4 1_4 fusion-flex-column\" style=\"--awb-bg-size:cover;--awb-width-large:25%;--awb-margin-top-large:0px;--awb-spacing-right-large:0px;--awb-margin-bottom-large:20px;--awb-spacing-left-large:0px;--awb-width-medium:100%;--awb-spacing-right-medium:0px;--awb-spacing-left-medium:0px;--awb-width-small:100%;--awb-spacing-right-small:0px;--awb-spacing-left-small:0px;\"><div class=\"fusion-column-wrapper fusion-flex-justify-content-flex-start fusion-content-layout-column\"><\/div><\/div><\/div><\/div><\/div><\/div><\/div><\/p>","protected":false},"excerpt":{"rendered":"","protected":false},"author":2,"featured_media":0,"parent":3111,"menu_order":0,"comment_status":"closed","ping_status":"closed","template":"100-width.php","meta":{"_acf_changed":false,"_bbp_topic_count":0,"_bbp_reply_count":0,"_bbp_total_topic_count":0,"_bbp_total_reply_count":0,"_bbp_voice_count":0,"_bbp_anonymous_reply_count":0,"_bbp_topic_count_hidden":0,"_bbp_reply_count_hidden":0,"_bbp_forum_subforum_count":0,"_EventAllDay":false,"_EventTimezone":"","_EventStartDate":"","_EventEndDate":"","_EventStartDateUTC":"","_EventEndDateUTC":"","_EventShowMap":false,"_EventShowMapLink":false,"_EventURL":"","_EventCost":"","_EventCostDescription":"","_EventCurrencySymbol":"","_EventCurrencyCode":"","_EventCurrencyPosition":"","_EventDateTimeSeparator":"","_EventTimeRangeSeparator":"","_EventOrganizerID":[],"_EventVenueID":[],"_OrganizerEmail":"","_OrganizerPhone":"","_OrganizerWebsite":"","_VenueAddress":"","_VenueCity":"","_VenueCountry":"","_VenueProvince":"","_VenueState":"","_VenueZip":"","_VenuePhone":"","_VenueURL":"","_VenueStateProvince":"","_VenueLat":"","_VenueLng":"","_VenueShowMap":false,"_VenueShowMapLink":false,"footnotes":""},"class_list":["post-1004","page","type-page","status-publish","hentry"],"acf":[],"yoast_head":"<!-- This site is optimized with the Yoast SEO plugin v22.3 - https:\/\/yoast.com\/wordpress\/plugins\/seo\/ -->\n<title>Eventos - Escuela Rotary La Palma<\/title>\n<meta name=\"robots\" content=\"index, follow, max-snippet:-1, max-image-preview:large, max-video-preview:-1\" \/>\n<link rel=\"canonical\" href=\"https:\/\/escuelarotarylapalma.com\/pt\/otras\/eventos\/\" \/>\n<meta property=\"og:locale\" content=\"pt_PT\" \/>\n<meta property=\"og:type\" content=\"article\" \/>\n<meta property=\"og:title\" content=\"Eventos - Escuela Rotary La Palma\" \/>\n<meta property=\"og:url\" content=\"https:\/\/escuelarotarylapalma.com\/pt\/otras\/eventos\/\" \/>\n<meta property=\"og:site_name\" content=\"Escuela Rotary La Palma\" \/>\n<meta property=\"article:modified_time\" content=\"2023-02-17T12:08:07+00:00\" \/>\n<meta name=\"twitter:card\" content=\"summary_large_image\" \/>\n<meta name=\"twitter:label1\" content=\"Tempo estimado de leitura\" \/>\n\t<meta name=\"twitter:data1\" content=\"11 minutos\" \/>\n<script type=\"application\/ld+json\" class=\"yoast-schema-graph\">{\"@context\":\"https:\/\/schema.org\",\"@graph\":[{\"@type\":\"WebPage\",\"@id\":\"https:\/\/escuelarotarylapalma.com\/otras\/eventos\/\",\"url\":\"https:\/\/escuelarotarylapalma.com\/otras\/eventos\/\",\"name\":\"Eventos - Escuela Rotary La Palma\",\"isPartOf\":{\"@id\":\"https:\/\/escuelarotarylapalma.com\/#website\"},\"datePublished\":\"2016-08-10T08:51:55+00:00\",\"dateModified\":\"2023-02-17T12:08:07+00:00\",\"breadcrumb\":{\"@id\":\"https:\/\/escuelarotarylapalma.com\/otras\/eventos\/#breadcrumb\"},\"inLanguage\":\"pt-PT\",\"potentialAction\":[{\"@type\":\"ReadAction\",\"target\":[\"https:\/\/escuelarotarylapalma.com\/otras\/eventos\/\"]}]},{\"@type\":\"BreadcrumbList\",\"@id\":\"https:\/\/escuelarotarylapalma.com\/otras\/eventos\/#breadcrumb\",\"itemListElement\":[{\"@type\":\"ListItem\",\"position\":1,\"name\":\"Home\",\"item\":\"https:\/\/escuelarotarylapalma.com\/\"},{\"@type\":\"ListItem\",\"position\":2,\"name\":\"OTRAS\",\"item\":\"https:\/\/escuelarotarylapalma.com\/otras\/\"},{\"@type\":\"ListItem\",\"position\":3,\"name\":\"Eventos\"}]},{\"@type\":\"WebSite\",\"@id\":\"https:\/\/escuelarotarylapalma.com\/#website\",\"url\":\"https:\/\/escuelarotarylapalma.com\/\",\"name\":\"Escuela Rotary La Palma\",\"description\":\"Uno para La Palma\",\"potentialAction\":[{\"@type\":\"SearchAction\",\"target\":{\"@type\":\"EntryPoint\",\"urlTemplate\":\"https:\/\/escuelarotarylapalma.com\/?s={search_term_string}\"},\"query-input\":\"required name=search_term_string\"}],\"inLanguage\":\"pt-PT\"}]}<\/script>\n<!-- \/ Yoast SEO plugin. -->","yoast_head_json":{"title":"Eventos - Escuela Rotary La Palma","robots":{"index":"index","follow":"follow","max-snippet":"max-snippet:-1","max-image-preview":"max-image-preview:large","max-video-preview":"max-video-preview:-1"},"canonical":"https:\/\/escuelarotarylapalma.com\/pt\/otras\/eventos\/","og_locale":"pt_PT","og_type":"article","og_title":"Eventos - Escuela Rotary La Palma","og_url":"https:\/\/escuelarotarylapalma.com\/pt\/otras\/eventos\/","og_site_name":"Escuela Rotary La Palma","article_modified_time":"2023-02-17T12:08:07+00:00","twitter_card":"summary_large_image","twitter_misc":{"Tempo estimado de leitura":"11 minutos"},"schema":{"@context":"https:\/\/schema.org","@graph":[{"@type":"WebPage","@id":"https:\/\/escuelarotarylapalma.com\/otras\/eventos\/","url":"https:\/\/escuelarotarylapalma.com\/otras\/eventos\/","name":"Eventos - Escuela Rotary La Palma","isPartOf":{"@id":"https:\/\/escuelarotarylapalma.com\/#website"},"datePublished":"2016-08-10T08:51:55+00:00","dateModified":"2023-02-17T12:08:07+00:00","breadcrumb":{"@id":"https:\/\/escuelarotarylapalma.com\/otras\/eventos\/#breadcrumb"},"inLanguage":"pt-PT","potentialAction":[{"@type":"ReadAction","target":["https:\/\/escuelarotarylapalma.com\/otras\/eventos\/"]}]},{"@type":"BreadcrumbList","@id":"https:\/\/escuelarotarylapalma.com\/otras\/eventos\/#breadcrumb","itemListElement":[{"@type":"ListItem","position":1,"name":"Home","item":"https:\/\/escuelarotarylapalma.com\/"},{"@type":"ListItem","position":2,"name":"OTRAS","item":"https:\/\/escuelarotarylapalma.com\/otras\/"},{"@type":"ListItem","position":3,"name":"Eventos"}]},{"@type":"WebSite","@id":"https:\/\/escuelarotarylapalma.com\/#website","url":"https:\/\/escuelarotarylapalma.com\/","name":"Escuela Rotary La Palma","description":"Uno para La Palma","potentialAction":[{"@type":"SearchAction","target":{"@type":"EntryPoint","urlTemplate":"https:\/\/escuelarotarylapalma.com\/?s={search_term_string}"},"query-input":"required name=search_term_string"}],"inLanguage":"pt-PT"}]}},"_links":{"self":[{"href":"https:\/\/escuelarotarylapalma.com\/pt\/wp-json\/wp\/v2\/pages\/1004"}],"collection":[{"href":"https:\/\/escuelarotarylapalma.com\/pt\/wp-json\/wp\/v2\/pages"}],"about":[{"href":"https:\/\/escuelarotarylapalma.com\/pt\/wp-json\/wp\/v2\/types\/page"}],"author":[{"embeddable":true,"href":"https:\/\/escuelarotarylapalma.com\/pt\/wp-json\/wp\/v2\/users\/2"}],"replies":[{"embeddable":true,"href":"https:\/\/escuelarotarylapalma.com\/pt\/wp-json\/wp\/v2\/comments?post=1004"}],"version-history":[{"count":36,"href":"https:\/\/escuelarotarylapalma.com\/pt\/wp-json\/wp\/v2\/pages\/1004\/revisions"}],"predecessor-version":[{"id":2783,"href":"https:\/\/escuelarotarylapalma.com\/pt\/wp-json\/wp\/v2\/pages\/1004\/revisions\/2783"}],"up":[{"embeddable":true,"href":"https:\/\/escuelarotarylapalma.com\/pt\/wp-json\/wp\/v2\/pages\/3111"}],"wp:attachment":[{"href":"https:\/\/escuelarotarylapalma.com\/pt\/wp-json\/wp\/v2\/media?parent=1004"}],"curies":[{"name":"wp","href":"https:\/\/api.w.org\/{rel}","templated":true}]}}