 {"id":2300,"date":"2022-03-10T10:02:09","date_gmt":"2022-03-10T10:02:09","guid":{"rendered":"https:\/\/escuelarotarylapalma.com\/?post_type=tribe_events&#038;p=2300"},"modified":"2022-03-14T16:56:56","modified_gmt":"2022-03-14T16:56:56","slug":"el-rotary-club-madrid-international-organiza-una-conferencia-de-javier-fernandez-lasquetty-y-blanc-consejero-de-la-comunidad-de-madrid-la-recaudacion-sera-para-el-proyecto-centro-educativo-de-rotary","status":"publish","type":"tribe_events","link":"https:\/\/escuelarotarylapalma.com\/it\/event\/el-rotary-club-madrid-international-organiza-una-conferencia-de-javier-fernandez-lasquetty-y-blanc-consejero-de-la-comunidad-de-madrid-la-recaudacion-sera-para-el-proyecto-centro-educativo-de-rotary\/","title":{"rendered":"El Rotary Club Madrid International organiza una Conferencia de Javier Fern\u00e1ndez-Lasquetty y Blanc, Consejero de la Comunidad de Madrid. La recaudaci\u00f3n ser\u00e1 para el Proyecto Centro Educativo de Rotary en La Palma."},"content":{"rendered":"<div  class=\"tribe-events-schedule tribe-clearfix\" >\n\t<h2 class=\"tribe-events-schedule__datetime\">\n\t\t<span class=\"tribe-events-schedule__date tribe-events-schedule__date--start\">\n\t\t\t14\/03\/2022\t\t<\/span>\n\n\t\t\t\t\t<span class=\"tribe-events-schedule__separator tribe-events-schedule__separator--date\">\n\t\t\t\t | \t\t\t<\/span>\n\t\t\t<span class=\"tribe-events-schedule__time tribe-events-schedule__time--start\">\n\t\t\t\t19:30\t\t\t<\/span>\n\t\t\n\t\t\t\t\t\t\t\t\t<span class=\"tribe-events-schedule__separator tribe-events-schedule__separator--time\">\n\t\t\t\t\t &#8211; \t\t\t\t<\/span>\n\t\t\t\n\t\t\t\t\t\t\t<span class=\"tribe-events-schedule__time tribe-events-schedule__time--end\">\n\t\t\t\t\t21:00\t\t\t\t<\/span>\n\t\t\t\n\t\t\t\t\t\t<\/h2>\n<\/div>\n\n\n\n<figure class=\"wp-block-image size-full\"><img decoding=\"async\" width=\"940\" height=\"788\" src=\"http:\/\/escuelarotarylapalma.com\/wp-content\/uploads\/2022\/03\/PHOTO-2022-03-10-09-01-15.jpg\" data-orig-src=\"http:\/\/escuelarotarylapalma.com\/wp-content\/uploads\/2022\/03\/PHOTO-2022-03-10-09-01-15.jpg\" alt=\"\" class=\"lazyload wp-image-2299\" srcset=\"data:image\/svg+xml,%3Csvg%20xmlns%3D%27http%3A%2F%2Fwww.w3.org%2F2000%2Fsvg%27%20width%3D%27940%27%20height%3D%27788%27%20viewBox%3D%270%200%20940%20788%27%3E%3Crect%20width%3D%27940%27%20height%3D%27788%27%20fill-opacity%3D%220%22%2F%3E%3C%2Fsvg%3E\" data-srcset=\"https:\/\/escuelarotarylapalma.com\/wp-content\/uploads\/2022\/03\/PHOTO-2022-03-10-09-01-15-200x168.jpg 200w, https:\/\/escuelarotarylapalma.com\/wp-content\/uploads\/2022\/03\/PHOTO-2022-03-10-09-01-15-300x251.jpg 300w, https:\/\/escuelarotarylapalma.com\/wp-content\/uploads\/2022\/03\/PHOTO-2022-03-10-09-01-15-400x335.jpg 400w, https:\/\/escuelarotarylapalma.com\/wp-content\/uploads\/2022\/03\/PHOTO-2022-03-10-09-01-15-500x419.jpg 500w, https:\/\/escuelarotarylapalma.com\/wp-content\/uploads\/2022\/03\/PHOTO-2022-03-10-09-01-15-600x503.jpg 600w, https:\/\/escuelarotarylapalma.com\/wp-content\/uploads\/2022\/03\/PHOTO-2022-03-10-09-01-15-700x587.jpg 700w, https:\/\/escuelarotarylapalma.com\/wp-content\/uploads\/2022\/03\/PHOTO-2022-03-10-09-01-15-768x644.jpg 768w, https:\/\/escuelarotarylapalma.com\/wp-content\/uploads\/2022\/03\/PHOTO-2022-03-10-09-01-15-800x671.jpg 800w, https:\/\/escuelarotarylapalma.com\/wp-content\/uploads\/2022\/03\/PHOTO-2022-03-10-09-01-15.jpg 940w\" data-sizes=\"auto\" data-orig-sizes=\"(max-width: 940px) 100vw, 940px\" \/><\/figure>\n\n\n\n<p><\/p>\n\n\n<div  class=\"tribe-block tribe-block__event-price\" >\n\t\t\t<span class=\"tribe-block__event-price__cost\"> 45\u20ac <\/span>\n\t\t\t\t<span class=\"tribe-block__event-price__description\">Men\u00fa degustaci\u00f3n<\/span>\n\t<\/div>\n\n\n<div  class=\"tribe-block tribe-block__organizer__details tribe-clearfix\" >\n\t<div class=\"tribe-block__organizer__title\">\n\t\t<h3>Rotary Club Madrid International<\/h3>\n\t<\/div>\n\t\t\t<\/div>\n\n\n<div  class=\"tribe-block tribe-block__venue tribe-clearfix tribe-block__venue--has-map\" >\n\t\n\t\n<div class=\"tribe-block__venue__meta\">\n\t<div class=\"tribe-block__venue__name\">\n\t\t<h3>Hotel Meli\u00e1 Palacio de los Duques, Madrid<\/h3>\n\t<\/div>\n\n\t\n\t\t\t<address class=\"tribe-block__venue__address\">\n\t\t\t<span class=\"tribe-address\">\n\n<span class=\"tribe-street-address\">Cuesta de Sto. Domingo, 5<\/span>\n\t\n\t\t<br>\n\t\t<span class=\"tribe-locality\">Madrid<\/span><span class=\"tribe-delimiter\">,<\/span>\n\n\n\t<span class=\"tribe-postal-code\">28013<\/span>\n\n\t<span class=\"tribe-country-name\">Espa\u00f1a<\/span>\n\n<\/span>\n\n\t\t\t\t\t\t\t<a class=\"tribe-events-gmap\" href=\"https:\/\/maps.google.com\/maps?f=q&#038;source=s_q&#038;hl=en&#038;geocode=&#038;q=Cuesta+de+Sto.+Domingo%2C+5+Madrid+28013+Espa%C3%B1a\" title=\"Fai clic per visualizzare una mappa Google Maps\" target=\"_blank\" rel=\"noreferrer noopener\">+ Google Maps<\/a>\t\t\t\t\t<\/address>\n\t\n\t\t\t<span class=\"tribe-block__venue__phone\">915 41 67 00<\/span><br \/>\n\t\n\t\n\t<\/div>\n\t\n<div class=\"tribe-block__venue__map\">\n\t\n<iframe\n  title=\"L'iframe di Google maps mostra l'indirizzo a Hotel Meli\u00e1 Palacio de los Duques, Madrid\"\n  aria-label=\"Venue location map\"\n  width=\"310px\"\n  height=\"256px\"\n  frameborder=\"0\" style=\"border:0\"\n  src=\"https:\/\/www.google.com\/maps\/embed\/v1\/place?key=AIzaSyDNsicAsP6-VuGtAb1O9riI3oc_NOb7IOU&#038;q=Cuesta+de+Sto.+Domingo%2C+5+Madrid+28013+Espa%C3%B1a+&#038;zoom=10\" allowfullscreen>\n<\/iframe>\n<\/div>\n\n\t<\/div>\n\n\n\n\n\t<div  class=\"tribe-block tribe-block__events-link\" >\n\t\t<div class=\"tribe-events tribe-common\">\n\t\t\t<div class=\"tribe-events-c-subscribe-dropdown__container\">\n\t\t\t\t<div class=\"tribe-events-c-subscribe-dropdown\">\n\t\t\t\t\t<div class=\"tribe-common-c-btn-border tribe-events-c-subscribe-dropdown__button\">\n\t\t\t\t\t\t<svg  class=\"tribe-common-c-svgicon tribe-common-c-svgicon--cal-export tribe-events-c-subscribe-dropdown__export-icon\"  viewBox=\"0 0 23 17\" xmlns=\"http:\/\/www.w3.org\/2000\/svg\">\n  <path fill-rule=\"evenodd\" clip-rule=\"evenodd\" d=\"M.128.896V16.13c0 .211.145.383.323.383h15.354c.179 0 .323-.172.323-.383V.896c0-.212-.144-.383-.323-.383H.451C.273.513.128.684.128.896Zm16 6.742h-.901V4.679H1.009v10.729h14.218v-3.336h.901V7.638ZM1.01 1.614h14.218v2.058H1.009V1.614Z\" \/>\n  <path d=\"M20.5 9.846H8.312M18.524 6.953l2.89 2.909-2.855 2.855\" stroke-width=\"1.2\" stroke-linecap=\"round\" stroke-linejoin=\"round\"\/>\n<\/svg>\n\t\t\t\t\t\t<button\n\t\t\t\t\t\t\tclass=\"tribe-events-c-subscribe-dropdown__button-text\"\n\t\t\t\t\t\t\taria-expanded=\"false\"\n\t\t\t\t\t\t\taria-controls=\"tribe-events-subscribe-dropdown-content\"\n\t\t\t\t\t\t\taria-label=\"\"\n\t\t\t\t\t\t>\n\t\t\t\t\t\t\tSalva nel tuo calendario\t\t\t\t\t\t<\/button>\n\t\t\t\t\t\t<svg  class=\"tribe-common-c-svgicon tribe-common-c-svgicon--caret-down tribe-events-c-subscribe-dropdown__button-icon\"  viewBox=\"0 0 10 7\" xmlns=\"http:\/\/www.w3.org\/2000\/svg\"><path fill-rule=\"evenodd\" clip-rule=\"evenodd\" d=\"M1.008.609L5 4.6 8.992.61l.958.958L5 6.517.05 1.566l.958-.958z\" class=\"tribe-common-c-svgicon__svg-fill\"\/><\/svg>\n\t\t\t\t\t<\/div>\n\t\t\t\t\t<div id=\"tribe-events-subscribe-dropdown-content\" class=\"tribe-events-c-subscribe-dropdown__content\">\n\t\t\t\t\t\t<ul class=\"tribe-events-c-subscribe-dropdown__list\">\n\t\t\t\t\t\t\t\t\t\t\t\t\t\t\t<li class=\"tribe-events-c-subscribe-dropdown__list-item\">\n\t\t\t\t\t\t\t\t\t<a\n\t\t\t\t\t\t\t\t\t\thref=\"https:\/\/www.google.com\/calendar\/event?action=TEMPLATE&#038;dates=20220314T193000\/20220314T210000&#038;text=El%20Rotary%20Club%20Madrid%20International%20organiza%20una%20Conferencia%20de%20Javier%20Fern%C3%A1ndez-Lasquetty%20y%20Blanc%2C%20Consejero%20de%20la%20Comunidad%20de%20Madrid.%20La%20recaudaci%C3%B3n%20ser%C3%A1%20para%20el%20Proyecto%20Centro%20Educativo%20de%20Rotary%20en%20La%20Palma.&#038;details=%3C%21--+wp%3Atribe%2Fevent-datetime+%2F--%3E%3C%21--+wp%3Aimage+%7B%22id%22%3A2299%2C%22sizeSlug%22%3A%22full%22%2C%22linkDestination%22%3A%22none%22%7D+--%3E%3Cfigure+class%3D%22wp-block-image+size-full%22%3E%3Cimg+src%3D%22http%3A%2F%2Fescuelarotarylapalma.com%2Fwp-content%2Fuploads%2F2022%2F03%2FPHOTO-2022-03-10-09-01-15.jpg%22+alt%3D%22%22+class%3D%22wp-image-2299%22%2F%3E%3C%2Ffigure%3E%3C%21--+%2Fwp%3Aimage+--%3E%3C%21--+wp%3Aparagraph+%7B%22placeholder%22%3A%22A%C3%B1adir+descripci%C3%B3n%E2%80%A6%22%7D+--%3E%3Cp%3E%3C%2Fp%3E%3C%21--+%2Fwp%3Aparagraph+--%3E%3C%21--+wp%3Atribe%2Fevent-price+%7B%22costDescription%22%3A%22Men%C3%BA+degustaci%C3%B3n%22%7D+%2F--%3E%3C%21--+wp%3Atribe%2Fevent-organizer+%7B%22organizer%22%3A2303%7D+%2F--%3E%3C%21--+wp%3Atribe%2Fevent-venue+%2F--%3E%3C%21--+wp%3Atribe%2Fevent-website+%2F--%3E%3C%21--+wp%3Atribe%2Fevent-links+%2F--%3E&#038;location=Hotel%20Meli\u00e1%20Palacio%20de%20los%20Duques,%20Madrid,%20Cuesta%20de%20Sto.%20Domingo,%205,%20Madrid,%2028013,%20Espa\u00f1a&#038;trp=false&#038;ctz=UTC+0&#038;sprop=website:https:\/\/escuelarotarylapalma.com\/it\"\n\t\t\t\t\t\t\t\t\t\tclass=\"tribe-events-c-subscribe-dropdown__list-item-link\"\n\t\t\t\t\t\t\t\t\t\ttarget=\"_blank\"\n\t\t\t\t\t\t\t\t\t\trel=\"noopener noreferrer nofollow noindex\"\n\t\t\t\t\t\t\t\t\t>\n\t\t\t\t\t\t\t\t\t\tGoogle Calendar\t\t\t\t\t\t\t\t\t<\/a>\n\t\t\t\t\t\t\t\t<\/li>\n\t\t\t\t\t\t\t\t\t\t\t\t\t\t\t<li class=\"tribe-events-c-subscribe-dropdown__list-item\">\n\t\t\t\t\t\t\t\t\t<a\n\t\t\t\t\t\t\t\t\t\thref=\"\"\n\t\t\t\t\t\t\t\t\t\tclass=\"tribe-events-c-subscribe-dropdown__list-item-link\"\n\t\t\t\t\t\t\t\t\t\ttarget=\"_blank\"\n\t\t\t\t\t\t\t\t\t\trel=\"noopener noreferrer nofollow noindex\"\n\t\t\t\t\t\t\t\t\t>\n\t\t\t\t\t\t\t\t\t\tiCalendar\t\t\t\t\t\t\t\t\t<\/a>\n\t\t\t\t\t\t\t\t<\/li>\n\t\t\t\t\t\t\t\t\t\t\t\t\t\t\t<li class=\"tribe-events-c-subscribe-dropdown__list-item\">\n\t\t\t\t\t\t\t\t\t<a\n\t\t\t\t\t\t\t\t\t\thref=\"\"\n\t\t\t\t\t\t\t\t\t\tclass=\"tribe-events-c-subscribe-dropdown__list-item-link\"\n\t\t\t\t\t\t\t\t\t\ttarget=\"_blank\"\n\t\t\t\t\t\t\t\t\t\trel=\"noopener noreferrer nofollow noindex\"\n\t\t\t\t\t\t\t\t\t>\n\t\t\t\t\t\t\t\t\t\tOutlook 365\t\t\t\t\t\t\t\t\t<\/a>\n\t\t\t\t\t\t\t\t<\/li>\n\t\t\t\t\t\t\t\t\t\t\t\t\t\t\t<li class=\"tribe-events-c-subscribe-dropdown__list-item\">\n\t\t\t\t\t\t\t\t\t<a\n\t\t\t\t\t\t\t\t\t\thref=\"\"\n\t\t\t\t\t\t\t\t\t\tclass=\"tribe-events-c-subscribe-dropdown__list-item-link\"\n\t\t\t\t\t\t\t\t\t\ttarget=\"_blank\"\n\t\t\t\t\t\t\t\t\t\trel=\"noopener noreferrer nofollow noindex\"\n\t\t\t\t\t\t\t\t\t>\n\t\t\t\t\t\t\t\t\t\tOutlook Live\t\t\t\t\t\t\t\t\t<\/a>\n\t\t\t\t\t\t\t\t<\/li>\n\t\t\t\t\t\t\t\t\t\t\t\t\t<\/ul>\n\t\t\t\t\t<\/div>\n\t\t\t\t<\/div>\n\t\t\t<\/div>\n\t\t<\/div>\n\t<\/div>\n\n","protected":false},"excerpt":{"rendered":"","protected":false},"author":1,"featured_media":2299,"comment_status":"open","ping_status":"closed","template":"","meta":{"_acf_changed":false,"_bbp_topic_count":0,"_bbp_reply_count":0,"_bbp_total_topic_count":0,"_bbp_total_reply_count":0,"_bbp_voice_count":0,"_bbp_anonymous_reply_count":0,"_bbp_topic_count_hidden":0,"_bbp_reply_count_hidden":0,"_bbp_forum_subforum_count":0,"_EventAllDay":false,"_EventTimezone":"UTC+0","_EventStartDate":"2022-03-14 19:30:00","_EventEndDate":"2022-03-14 21:00:00","_EventStartDateUTC":"2022-03-14 19:30:00","_EventEndDateUTC":"2022-03-14 21:00:00","_EventShowMap":true,"_EventShowMapLink":true,"_EventURL":"","_EventCost":"45","_EventCostDescription":"","_EventCurrencySymbol":"\u20ac","_EventCurrencyCode":"","_EventCurrencyPosition":"suffix","_EventDateTimeSeparator":" | ","_EventTimeRangeSeparator":" - ","_EventOrganizerID":[2303],"_EventVenueID":[2304],"_OrganizerEmail":"","_OrganizerPhone":"","_OrganizerWebsite":"","_VenueAddress":"","_VenueCity":"","_VenueCountry":"","_VenueProvince":"","_VenueState":"","_VenueZip":"","_VenuePhone":"","_VenueURL":"","_VenueStateProvince":"","_VenueLat":"","_VenueLng":"","_VenueShowMap":false,"_VenueShowMapLink":false,"_tribe_events_status":"","_tribe_events_status_reason":"","footnotes":""},"tags":[],"tribe_events_cat":[],"class_list":["post-2300","tribe_events","type-tribe_events","status-publish","has-post-thumbnail","hentry"],"acf":[],"yoast_head":"<!-- This site is optimized with the Yoast SEO plugin v22.3 - https:\/\/yoast.com\/wordpress\/plugins\/seo\/ -->\n<title>El Rotary Club Madrid International organiza una Conferencia de Javier Fern\u00e1ndez-Lasquetty y Blanc, Consejero de la Comunidad de Madrid. La recaudaci\u00f3n ser\u00e1 para el Proyecto Centro Educativo de Rotary en La Palma. - Escuela Rotary La Palma<\/title>\n<meta name=\"robots\" content=\"index, follow, max-snippet:-1, max-image-preview:large, max-video-preview:-1\" \/>\n<link rel=\"canonical\" href=\"https:\/\/escuelarotarylapalma.com\/it\/event\/el-rotary-club-madrid-international-organiza-una-conferencia-de-javier-fernandez-lasquetty-y-blanc-consejero-de-la-comunidad-de-madrid-la-recaudacion-sera-para-el-proyecto-centro-educativo-de-rotary\/\" \/>\n<meta property=\"og:locale\" content=\"it_IT\" \/>\n<meta property=\"og:type\" content=\"article\" \/>\n<meta property=\"og:title\" content=\"El Rotary Club Madrid International organiza una Conferencia de Javier Fern\u00e1ndez-Lasquetty y Blanc, Consejero de la Comunidad de Madrid. La recaudaci\u00f3n ser\u00e1 para el Proyecto Centro Educativo de Rotary en La Palma. - Escuela Rotary La Palma\" \/>\n<meta property=\"og:url\" content=\"https:\/\/escuelarotarylapalma.com\/it\/event\/el-rotary-club-madrid-international-organiza-una-conferencia-de-javier-fernandez-lasquetty-y-blanc-consejero-de-la-comunidad-de-madrid-la-recaudacion-sera-para-el-proyecto-centro-educativo-de-rotary\/\" \/>\n<meta property=\"og:site_name\" content=\"Escuela Rotary La Palma\" \/>\n<meta property=\"article:modified_time\" content=\"2022-03-14T16:56:56+00:00\" \/>\n<meta property=\"og:image\" content=\"https:\/\/escuelarotarylapalma.com\/wp-content\/uploads\/2022\/03\/PHOTO-2022-03-10-09-01-15.jpg\" \/>\n\t<meta property=\"og:image:width\" content=\"940\" \/>\n\t<meta property=\"og:image:height\" content=\"788\" \/>\n\t<meta property=\"og:image:type\" content=\"image\/jpeg\" \/>\n<meta name=\"twitter:card\" content=\"summary_large_image\" \/>\n<meta name=\"twitter:label1\" content=\"Tempo di lettura stimato\" \/>\n\t<meta name=\"twitter:data1\" content=\"1 minuto\" \/>\n<script type=\"application\/ld+json\" class=\"yoast-schema-graph\">{\"@context\":\"https:\/\/schema.org\",\"@graph\":[{\"@type\":\"WebPage\",\"@id\":\"https:\/\/escuelarotarylapalma.com\/en\/event\/el-rotary-club-madrid-international-organiza-una-conferencia-de-javier-fernandez-lasquetty-y-blanc-consejero-de-la-comunidad-de-madrid-la-recaudacion-sera-para-el-proyecto-centro-educativo-de-rotary\/\",\"url\":\"https:\/\/escuelarotarylapalma.com\/en\/event\/el-rotary-club-madrid-international-organiza-una-conferencia-de-javier-fernandez-lasquetty-y-blanc-consejero-de-la-comunidad-de-madrid-la-recaudacion-sera-para-el-proyecto-centro-educativo-de-rotary\/\",\"name\":\"El Rotary Club Madrid International organiza una Conferencia de Javier Fern\u00e1ndez-Lasquetty y Blanc, Consejero de la Comunidad de Madrid. La recaudaci\u00f3n ser\u00e1 para el Proyecto Centro Educativo de Rotary en La Palma. - Escuela Rotary La Palma\",\"isPartOf\":{\"@id\":\"https:\/\/escuelarotarylapalma.com\/#website\"},\"primaryImageOfPage\":{\"@id\":\"https:\/\/escuelarotarylapalma.com\/en\/event\/el-rotary-club-madrid-international-organiza-una-conferencia-de-javier-fernandez-lasquetty-y-blanc-consejero-de-la-comunidad-de-madrid-la-recaudacion-sera-para-el-proyecto-centro-educativo-de-rotary\/#primaryimage\"},\"image\":{\"@id\":\"https:\/\/escuelarotarylapalma.com\/en\/event\/el-rotary-club-madrid-international-organiza-una-conferencia-de-javier-fernandez-lasquetty-y-blanc-consejero-de-la-comunidad-de-madrid-la-recaudacion-sera-para-el-proyecto-centro-educativo-de-rotary\/#primaryimage\"},\"thumbnailUrl\":\"https:\/\/escuelarotarylapalma.com\/wp-content\/uploads\/2022\/03\/PHOTO-2022-03-10-09-01-15.jpg\",\"datePublished\":\"2022-03-10T10:02:09+00:00\",\"dateModified\":\"2022-03-14T16:56:56+00:00\",\"breadcrumb\":{\"@id\":\"https:\/\/escuelarotarylapalma.com\/en\/event\/el-rotary-club-madrid-international-organiza-una-conferencia-de-javier-fernandez-lasquetty-y-blanc-consejero-de-la-comunidad-de-madrid-la-recaudacion-sera-para-el-proyecto-centro-educativo-de-rotary\/#breadcrumb\"},\"inLanguage\":\"it-IT\",\"potentialAction\":[{\"@type\":\"ReadAction\",\"target\":[\"https:\/\/escuelarotarylapalma.com\/en\/event\/el-rotary-club-madrid-international-organiza-una-conferencia-de-javier-fernandez-lasquetty-y-blanc-consejero-de-la-comunidad-de-madrid-la-recaudacion-sera-para-el-proyecto-centro-educativo-de-rotary\/\"]}]},{\"@type\":\"ImageObject\",\"inLanguage\":\"it-IT\",\"@id\":\"https:\/\/escuelarotarylapalma.com\/en\/event\/el-rotary-club-madrid-international-organiza-una-conferencia-de-javier-fernandez-lasquetty-y-blanc-consejero-de-la-comunidad-de-madrid-la-recaudacion-sera-para-el-proyecto-centro-educativo-de-rotary\/#primaryimage\",\"url\":\"https:\/\/escuelarotarylapalma.com\/wp-content\/uploads\/2022\/03\/PHOTO-2022-03-10-09-01-15.jpg\",\"contentUrl\":\"https:\/\/escuelarotarylapalma.com\/wp-content\/uploads\/2022\/03\/PHOTO-2022-03-10-09-01-15.jpg\",\"width\":940,\"height\":788},{\"@type\":\"BreadcrumbList\",\"@id\":\"https:\/\/escuelarotarylapalma.com\/en\/event\/el-rotary-club-madrid-international-organiza-una-conferencia-de-javier-fernandez-lasquetty-y-blanc-consejero-de-la-comunidad-de-madrid-la-recaudacion-sera-para-el-proyecto-centro-educativo-de-rotary\/#breadcrumb\",\"itemListElement\":[{\"@type\":\"ListItem\",\"position\":1,\"name\":\"Home\",\"item\":\"https:\/\/escuelarotarylapalma.com\/\"},{\"@type\":\"ListItem\",\"position\":2,\"name\":\"Eventos\",\"item\":\"https:\/\/escuelarotarylapalma.com\/events\/\"},{\"@type\":\"ListItem\",\"position\":3,\"name\":\"El Rotary Club Madrid International organiza una Conferencia de Javier Fern\u00e1ndez-Lasquetty y Blanc, Consejero de la Comunidad de Madrid. La recaudaci\u00f3n ser\u00e1 para el Proyecto Centro Educativo de Rotary en La Palma.\"}]},{\"@type\":\"WebSite\",\"@id\":\"https:\/\/escuelarotarylapalma.com\/#website\",\"url\":\"https:\/\/escuelarotarylapalma.com\/\",\"name\":\"Escuela Rotary La Palma\",\"description\":\"Uno para La Palma\",\"potentialAction\":[{\"@type\":\"SearchAction\",\"target\":{\"@type\":\"EntryPoint\",\"urlTemplate\":\"https:\/\/escuelarotarylapalma.com\/?s={search_term_string}\"},\"query-input\":\"required name=search_term_string\"}],\"inLanguage\":\"it-IT\"}]}<\/script>\n<!-- \/ Yoast SEO plugin. -->","yoast_head_json":{"title":"El Rotary Club Madrid International organiza una Conferencia de Javier Fern\u00e1ndez-Lasquetty y Blanc, Consejero de la Comunidad de Madrid. La recaudaci\u00f3n ser\u00e1 para el Proyecto Centro Educativo de Rotary en La Palma. - Escuela Rotary La Palma","robots":{"index":"index","follow":"follow","max-snippet":"max-snippet:-1","max-image-preview":"max-image-preview:large","max-video-preview":"max-video-preview:-1"},"canonical":"https:\/\/escuelarotarylapalma.com\/it\/event\/el-rotary-club-madrid-international-organiza-una-conferencia-de-javier-fernandez-lasquetty-y-blanc-consejero-de-la-comunidad-de-madrid-la-recaudacion-sera-para-el-proyecto-centro-educativo-de-rotary\/","og_locale":"it_IT","og_type":"article","og_title":"El Rotary Club Madrid International organiza una Conferencia de Javier Fern\u00e1ndez-Lasquetty y Blanc, Consejero de la Comunidad de Madrid. La recaudaci\u00f3n ser\u00e1 para el Proyecto Centro Educativo de Rotary en La Palma. - Escuela Rotary La Palma","og_url":"https:\/\/escuelarotarylapalma.com\/it\/event\/el-rotary-club-madrid-international-organiza-una-conferencia-de-javier-fernandez-lasquetty-y-blanc-consejero-de-la-comunidad-de-madrid-la-recaudacion-sera-para-el-proyecto-centro-educativo-de-rotary\/","og_site_name":"Escuela Rotary La Palma","article_modified_time":"2022-03-14T16:56:56+00:00","og_image":[{"width":940,"height":788,"url":"https:\/\/escuelarotarylapalma.com\/wp-content\/uploads\/2022\/03\/PHOTO-2022-03-10-09-01-15.jpg","type":"image\/jpeg"}],"twitter_card":"summary_large_image","twitter_misc":{"Tempo di lettura stimato":"1 minuto"},"schema":{"@context":"https:\/\/schema.org","@graph":[{"@type":"WebPage","@id":"https:\/\/escuelarotarylapalma.com\/en\/event\/el-rotary-club-madrid-international-organiza-una-conferencia-de-javier-fernandez-lasquetty-y-blanc-consejero-de-la-comunidad-de-madrid-la-recaudacion-sera-para-el-proyecto-centro-educativo-de-rotary\/","url":"https:\/\/escuelarotarylapalma.com\/en\/event\/el-rotary-club-madrid-international-organiza-una-conferencia-de-javier-fernandez-lasquetty-y-blanc-consejero-de-la-comunidad-de-madrid-la-recaudacion-sera-para-el-proyecto-centro-educativo-de-rotary\/","name":"El Rotary Club Madrid International organiza una Conferencia de Javier Fern\u00e1ndez-Lasquetty y Blanc, Consejero de la Comunidad de Madrid. La recaudaci\u00f3n ser\u00e1 para el Proyecto Centro Educativo de Rotary en La Palma. - Escuela Rotary La Palma","isPartOf":{"@id":"https:\/\/escuelarotarylapalma.com\/#website"},"primaryImageOfPage":{"@id":"https:\/\/escuelarotarylapalma.com\/en\/event\/el-rotary-club-madrid-international-organiza-una-conferencia-de-javier-fernandez-lasquetty-y-blanc-consejero-de-la-comunidad-de-madrid-la-recaudacion-sera-para-el-proyecto-centro-educativo-de-rotary\/#primaryimage"},"image":{"@id":"https:\/\/escuelarotarylapalma.com\/en\/event\/el-rotary-club-madrid-international-organiza-una-conferencia-de-javier-fernandez-lasquetty-y-blanc-consejero-de-la-comunidad-de-madrid-la-recaudacion-sera-para-el-proyecto-centro-educativo-de-rotary\/#primaryimage"},"thumbnailUrl":"https:\/\/escuelarotarylapalma.com\/wp-content\/uploads\/2022\/03\/PHOTO-2022-03-10-09-01-15.jpg","datePublished":"2022-03-10T10:02:09+00:00","dateModified":"2022-03-14T16:56:56+00:00","breadcrumb":{"@id":"https:\/\/escuelarotarylapalma.com\/en\/event\/el-rotary-club-madrid-international-organiza-una-conferencia-de-javier-fernandez-lasquetty-y-blanc-consejero-de-la-comunidad-de-madrid-la-recaudacion-sera-para-el-proyecto-centro-educativo-de-rotary\/#breadcrumb"},"inLanguage":"it-IT","potentialAction":[{"@type":"ReadAction","target":["https:\/\/escuelarotarylapalma.com\/en\/event\/el-rotary-club-madrid-international-organiza-una-conferencia-de-javier-fernandez-lasquetty-y-blanc-consejero-de-la-comunidad-de-madrid-la-recaudacion-sera-para-el-proyecto-centro-educativo-de-rotary\/"]}]},{"@type":"ImageObject","inLanguage":"it-IT","@id":"https:\/\/escuelarotarylapalma.com\/en\/event\/el-rotary-club-madrid-international-organiza-una-conferencia-de-javier-fernandez-lasquetty-y-blanc-consejero-de-la-comunidad-de-madrid-la-recaudacion-sera-para-el-proyecto-centro-educativo-de-rotary\/#primaryimage","url":"https:\/\/escuelarotarylapalma.com\/wp-content\/uploads\/2022\/03\/PHOTO-2022-03-10-09-01-15.jpg","contentUrl":"https:\/\/escuelarotarylapalma.com\/wp-content\/uploads\/2022\/03\/PHOTO-2022-03-10-09-01-15.jpg","width":940,"height":788},{"@type":"BreadcrumbList","@id":"https:\/\/escuelarotarylapalma.com\/en\/event\/el-rotary-club-madrid-international-organiza-una-conferencia-de-javier-fernandez-lasquetty-y-blanc-consejero-de-la-comunidad-de-madrid-la-recaudacion-sera-para-el-proyecto-centro-educativo-de-rotary\/#breadcrumb","itemListElement":[{"@type":"ListItem","position":1,"name":"Home","item":"https:\/\/escuelarotarylapalma.com\/"},{"@type":"ListItem","position":2,"name":"Eventos","item":"https:\/\/escuelarotarylapalma.com\/events\/"},{"@type":"ListItem","position":3,"name":"El Rotary Club Madrid International organiza una Conferencia de Javier Fern\u00e1ndez-Lasquetty y Blanc, Consejero de la Comunidad de Madrid. La recaudaci\u00f3n ser\u00e1 para el Proyecto Centro Educativo de Rotary en La Palma."}]},{"@type":"WebSite","@id":"https:\/\/escuelarotarylapalma.com\/#website","url":"https:\/\/escuelarotarylapalma.com\/","name":"Escuela Rotary La Palma","description":"Uno para La Palma","potentialAction":[{"@type":"SearchAction","target":{"@type":"EntryPoint","urlTemplate":"https:\/\/escuelarotarylapalma.com\/?s={search_term_string}"},"query-input":"required name=search_term_string"}],"inLanguage":"it-IT"}]}},"_links":{"self":[{"href":"https:\/\/escuelarotarylapalma.com\/it\/wp-json\/wp\/v2\/tribe_events\/2300"}],"collection":[{"href":"https:\/\/escuelarotarylapalma.com\/it\/wp-json\/wp\/v2\/tribe_events"}],"about":[{"href":"https:\/\/escuelarotarylapalma.com\/it\/wp-json\/wp\/v2\/types\/tribe_events"}],"author":[{"embeddable":true,"href":"https:\/\/escuelarotarylapalma.com\/it\/wp-json\/wp\/v2\/users\/1"}],"replies":[{"embeddable":true,"href":"https:\/\/escuelarotarylapalma.com\/it\/wp-json\/wp\/v2\/comments?post=2300"}],"version-history":[{"count":4,"href":"https:\/\/escuelarotarylapalma.com\/it\/wp-json\/wp\/v2\/tribe_events\/2300\/revisions"}],"predecessor-version":[{"id":2309,"href":"https:\/\/escuelarotarylapalma.com\/it\/wp-json\/wp\/v2\/tribe_events\/2300\/revisions\/2309"}],"wp:featuredmedia":[{"embeddable":true,"href":"https:\/\/escuelarotarylapalma.com\/it\/wp-json\/wp\/v2\/media\/2299"}],"wp:attachment":[{"href":"https:\/\/escuelarotarylapalma.com\/it\/wp-json\/wp\/v2\/media?parent=2300"}],"wp:term":[{"taxonomy":"post_tag","embeddable":true,"href":"https:\/\/escuelarotarylapalma.com\/it\/wp-json\/wp\/v2\/tags?post=2300"},{"taxonomy":"tribe_events_cat","embeddable":true,"href":"https:\/\/escuelarotarylapalma.com\/it\/wp-json\/wp\/v2\/tribe_events_cat?post=2300"}],"curies":[{"name":"wp","href":"https:\/\/api.w.org\/{rel}","templated":true}]}}