 {"id":2769,"date":"2022-10-04T19:33:51","date_gmt":"2022-10-04T19:33:51","guid":{"rendered":"https:\/\/escuelarotarylapalma.com\/?post_type=tribe_events&#038;p=2769"},"modified":"2022-10-09T14:07:15","modified_gmt":"2022-10-09T14:07:15","slug":"el-rotary-club-tenerife-sur-organiza-la-conferencia-explorando-la-crisis-climatica-de-la-mano-de-pancho-campo-la-recaudacion-ira-destinada-al-proyecto-uno-para-la-palma","status":"publish","type":"tribe_events","link":"https:\/\/escuelarotarylapalma.com\/fr\/event\/el-rotary-club-tenerife-sur-organiza-la-conferencia-explorando-la-crisis-climatica-de-la-mano-de-pancho-campo-la-recaudacion-ira-destinada-al-proyecto-uno-para-la-palma\/","title":{"rendered":"El Rotary Club Tenerife Sur organiza la conferencia \u201dExplorando La Crisis Clim\u00e1tica\u201d de la mano de Pancho Campo. La recaudaci\u00f3n ir\u00e1 destinada al Proyecto \u201dUno Para La Palma\u201d"},"content":{"rendered":"<div  class=\"tribe-events-schedule tribe-clearfix\" >\n\t<h2 class=\"tribe-events-schedule__datetime\">\n\t\t<span class=\"tribe-events-schedule__date tribe-events-schedule__date--start\">\n\t\t\t05\/10\/2022\t\t<\/span>\n\n\t\t\t\t\t<span class=\"tribe-events-schedule__separator tribe-events-schedule__separator--date\">\n\t\t\t\t | \t\t\t<\/span>\n\t\t\t<span class=\"tribe-events-schedule__time tribe-events-schedule__time--start\">\n\t\t\t\t19:00\t\t\t<\/span>\n\t\t\n\t\t\t\t\t\t\t\t\t<span class=\"tribe-events-schedule__separator tribe-events-schedule__separator--time\">\n\t\t\t\t\t &#8211; \t\t\t\t<\/span>\n\t\t\t\n\t\t\t\t\t\t\t<span class=\"tribe-events-schedule__time tribe-events-schedule__time--end\">\n\t\t\t\t\t21:30\t\t\t\t<\/span>\n\t\t\t\n\t\t\t\t\t\t<\/h2>\n<\/div>\n\n\n\n<figure class=\"wp-block-video\"><video controls src=\"http:\/\/escuelarotarylapalma.com\/wp-content\/uploads\/2022\/10\/IMG_2237.mov\"><\/video><\/figure>\n\n\n\n<p>El Rotary Club Tenerife Sur y Pancho Campo, de la Fundaci\u00f3n Global Nature, organizan la conferencia \u201d Explorando La Crisis Clim\u00e1tica\u201d, que tendr\u00e1 lugar en el Hotel GF Victoria.<\/p>\n\n\n\n<p>Adem\u00e1s de divulgar la situaci\u00f3n medioambiental actual y explicarnos como debemos actuar ante la misma, el objetivo tambi\u00e9n ser\u00e1 recaudar fondos para la construcci\u00f3n del Centro Educativo de Rotary en La Palma.<\/p>\n\n\n\n<p>Por 5\u20ac no solo contribuir\u00e1s a la reconstrucci\u00f3n de La Palma, si no que tendr\u00e1s el placer de escuchar a Pancho Campo, Wolfredo Wildpret, Mercedes Reyes, Jes\u00fas Rodr\u00edguez, Juan Carlos de Le\u00f3n y a Mar\u00eda Mateo, qui\u00e9nes nos pondr\u00e1n al d\u00eda de la situaci\u00f3n clim\u00e1tica y nos hablaran tambi\u00e9n del Proyecto \u201dCER La Palma.<\/p>\n\n\n\n<p>No te lo pierdas y aporta tu granito de arena. <\/p>\n\n\n\n<p><a href=\"https:\/\/www.tomaticket.es\/es-es\/entradas-explorando-la-crisis-climatica-en-tenerife\">https:\/\/www.tomaticket.es\/es-es\/entradas-explorando-la-crisis-climatica-en-tenerife<\/a><\/p>\n\n\n\n<figure class=\"wp-block-image size-large\"><img decoding=\"async\" width=\"768\" height=\"1024\" src=\"http:\/\/escuelarotarylapalma.com\/wp-content\/uploads\/2022\/10\/0B39EFC3-D551-44CD-B264-0223BAFBA158-768x1024.jpeg\" data-orig-src=\"http:\/\/escuelarotarylapalma.com\/wp-content\/uploads\/2022\/10\/0B39EFC3-D551-44CD-B264-0223BAFBA158-768x1024.jpeg\" alt=\"\" class=\"lazyload wp-image-2774\" srcset=\"data:image\/svg+xml,%3Csvg%20xmlns%3D%27http%3A%2F%2Fwww.w3.org%2F2000%2Fsvg%27%20width%3D%27768%27%20height%3D%271024%27%20viewBox%3D%270%200%20768%201024%27%3E%3Crect%20width%3D%27768%27%20height%3D%271024%27%20fill-opacity%3D%220%22%2F%3E%3C%2Fsvg%3E\" data-srcset=\"https:\/\/escuelarotarylapalma.com\/wp-content\/uploads\/2022\/10\/0B39EFC3-D551-44CD-B264-0223BAFBA158-9x12.jpeg 9w, https:\/\/escuelarotarylapalma.com\/wp-content\/uploads\/2022\/10\/0B39EFC3-D551-44CD-B264-0223BAFBA158-200x267.jpeg 200w, https:\/\/escuelarotarylapalma.com\/wp-content\/uploads\/2022\/10\/0B39EFC3-D551-44CD-B264-0223BAFBA158-225x300.jpeg 225w, https:\/\/escuelarotarylapalma.com\/wp-content\/uploads\/2022\/10\/0B39EFC3-D551-44CD-B264-0223BAFBA158-400x533.jpeg 400w, https:\/\/escuelarotarylapalma.com\/wp-content\/uploads\/2022\/10\/0B39EFC3-D551-44CD-B264-0223BAFBA158-500x667.jpeg 500w, https:\/\/escuelarotarylapalma.com\/wp-content\/uploads\/2022\/10\/0B39EFC3-D551-44CD-B264-0223BAFBA158-600x800.jpeg 600w, https:\/\/escuelarotarylapalma.com\/wp-content\/uploads\/2022\/10\/0B39EFC3-D551-44CD-B264-0223BAFBA158-700x933.jpeg 700w, https:\/\/escuelarotarylapalma.com\/wp-content\/uploads\/2022\/10\/0B39EFC3-D551-44CD-B264-0223BAFBA158-768x1024.jpeg 768w, https:\/\/escuelarotarylapalma.com\/wp-content\/uploads\/2022\/10\/0B39EFC3-D551-44CD-B264-0223BAFBA158-800x1067.jpeg 800w, https:\/\/escuelarotarylapalma.com\/wp-content\/uploads\/2022\/10\/0B39EFC3-D551-44CD-B264-0223BAFBA158-1152x1536.jpeg 1152w, https:\/\/escuelarotarylapalma.com\/wp-content\/uploads\/2022\/10\/0B39EFC3-D551-44CD-B264-0223BAFBA158-1200x1600.jpeg 1200w, https:\/\/escuelarotarylapalma.com\/wp-content\/uploads\/2022\/10\/0B39EFC3-D551-44CD-B264-0223BAFBA158.jpeg 1440w\" data-sizes=\"auto\" data-orig-sizes=\"(max-width: 768px) 100vw, 768px\" \/><\/figure>\n\n\n\n<p><\/p>\n\n\n<div  class=\"tribe-block tribe-block__event-price\" >\n\t\t\t<span class=\"tribe-block__event-price__cost\"> 5\u20ac <\/span>\n\t\t\t\t<span class=\"tribe-block__event-price__description\">Entradas solidarias en Tomaticket.com o llamando al 639 311 877 | 609 068 360<\/span>\n\t<\/div>\n\n\n<div  class=\"tribe-block tribe-block__organizer__details tribe-clearfix\" >\n\t<div class=\"tribe-block__organizer__title\">\n\t\t<h3>Rotary Club Tenerife Sur<\/h3>\n\t<\/div>\n\t\t\t\t<p class=\"tribe-block__organizer__website\"><a href=\"http:\/\/www.rotaryclubtenerifesur.com\" target=\"_self\" rel=\"external\">Voir le site Organisateur<\/a><\/p>\n\t\t\t\t<p class=\"tribe-block__organizer__email\">info&#064;&#114;&#111;&#116;&#097;r&#121;&#099;lubt&#101;ner&#105;&#102;&#101;&#115;&#117;r.&#099;&#111;&#109;<\/p>\n\t<\/div>\n\n\n\n<div class=\"wp-block-columns is-layout-flex wp-container-core-columns-is-layout-1 wp-block-columns-is-layout-flex\">\n<div class=\"wp-block-column is-layout-flow wp-block-column-is-layout-flow\" style=\"flex-basis:100%\"><div  class=\"tribe-block tribe-block__venue tribe-clearfix tribe-block__venue--has-map\" >\n\t\n\t\n<div class=\"tribe-block__venue__meta\">\n\t<div class=\"tribe-block__venue__name\">\n\t\t<h3>Hotel GF Victoria<\/h3>\n\t<\/div>\n\n\t\n\t\t\t<address class=\"tribe-block__venue__address\">\n\t\t\t<span class=\"tribe-address\">\n\n<span class=\"tribe-street-address\">Calle Fernando L\u00f3pez Arvelo, 1<\/span>\n\t\n\t\t<br>\n\t\t<span class=\"tribe-locality\">Santa Cruz de Tenerife<\/span><span class=\"tribe-delimiter\">,<\/span>\n\n\t<abbr class=\"tribe-region tribe-events-abbr\" title=\"Islas Canarias\">Islas Canarias<\/abbr>\n\n\t<span class=\"tribe-postal-code\">38660<\/span>\n\n\t<span class=\"tribe-country-name\">Espa\u00f1a<\/span>\n\n<\/span>\n\n\t\t\t\t\t\t\t<a class=\"tribe-events-gmap\" href=\"https:\/\/maps.google.com\/maps?f=q&#038;source=s_q&#038;hl=en&#038;geocode=&#038;q=Calle+Fernando+L%C3%B3pez+Arvelo%2C+1+Santa+Cruz+de+Tenerife+Islas+Canarias+38660+Espa%C3%B1a\" title=\"Cliquez pour voir une carte Google Map\" target=\"_blank\" rel=\"noreferrer noopener\">+ Google Map<\/a>\t\t\t\t\t<\/address>\n\t\n\t\t\t<span class=\"tribe-block__venue__phone\">922987177<\/span><br \/>\n\t\n\t\t\t<span class=\"tribe-block__venue__website\"><a href=\"https:\/\/gfvictoria.com\/?gclid=CjwKCAjws--ZBhAXEiwAv-RNLxWCByRwq8llCtO0Ndtm31jIm0Ix5FMKAi6VRdoHQvsCWePtTALNOxoCzD8QAvD_BwE\" target=\"_self\" rel=\"external\">Voir Lieu site web<\/a><\/span><br \/>\n\t\n\t<\/div>\n\t\n<div class=\"tribe-block__venue__map\">\n\t\n<iframe\n  title=\"L\u2018iframe Google maps affichant l\u2019adresse \u00e0 Hotel GF Victoria\"\n  aria-label=\"Plan des lieux\"\n  width=\"310px\"\n  height=\"256px\"\n  frameborder=\"0\" style=\"border:0\"\n  src=\"https:\/\/www.google.com\/maps\/embed\/v1\/place?key=AIzaSyDNsicAsP6-VuGtAb1O9riI3oc_NOb7IOU&#038;q=Calle+Fernando+L%C3%B3pez+Arvelo%2C+1+Santa+Cruz+de+Tenerife+Islas+Canarias+38660+Espa%C3%B1a+&#038;zoom=10\" allowfullscreen>\n<\/iframe>\n<\/div>\n\n\t<\/div>\n<\/div>\n<\/div>\n\n\n\n\n\t<div  class=\"tribe-block tribe-block__events-link\" >\n\t\t<div class=\"tribe-events tribe-common\">\n\t\t\t<div class=\"tribe-events-c-subscribe-dropdown__container\">\n\t\t\t\t<div class=\"tribe-events-c-subscribe-dropdown\">\n\t\t\t\t\t<div class=\"tribe-common-c-btn-border tribe-events-c-subscribe-dropdown__button\">\n\t\t\t\t\t\t<svg  class=\"tribe-common-c-svgicon tribe-common-c-svgicon--cal-export tribe-events-c-subscribe-dropdown__export-icon\"  viewBox=\"0 0 23 17\" xmlns=\"http:\/\/www.w3.org\/2000\/svg\">\n  <path fill-rule=\"evenodd\" clip-rule=\"evenodd\" d=\"M.128.896V16.13c0 .211.145.383.323.383h15.354c.179 0 .323-.172.323-.383V.896c0-.212-.144-.383-.323-.383H.451C.273.513.128.684.128.896Zm16 6.742h-.901V4.679H1.009v10.729h14.218v-3.336h.901V7.638ZM1.01 1.614h14.218v2.058H1.009V1.614Z\" \/>\n  <path d=\"M20.5 9.846H8.312M18.524 6.953l2.89 2.909-2.855 2.855\" stroke-width=\"1.2\" stroke-linecap=\"round\" stroke-linejoin=\"round\"\/>\n<\/svg>\n\t\t\t\t\t\t<button\n\t\t\t\t\t\t\tclass=\"tribe-events-c-subscribe-dropdown__button-text\"\n\t\t\t\t\t\t\taria-expanded=\"false\"\n\t\t\t\t\t\t\taria-controls=\"tribe-events-subscribe-dropdown-content\"\n\t\t\t\t\t\t\taria-label=\"\"\n\t\t\t\t\t\t>\n\t\t\t\t\t\t\tAjouter au calendrier\t\t\t\t\t\t<\/button>\n\t\t\t\t\t\t<svg  class=\"tribe-common-c-svgicon tribe-common-c-svgicon--caret-down tribe-events-c-subscribe-dropdown__button-icon\"  viewBox=\"0 0 10 7\" xmlns=\"http:\/\/www.w3.org\/2000\/svg\"><path fill-rule=\"evenodd\" clip-rule=\"evenodd\" d=\"M1.008.609L5 4.6 8.992.61l.958.958L5 6.517.05 1.566l.958-.958z\" class=\"tribe-common-c-svgicon__svg-fill\"\/><\/svg>\n\t\t\t\t\t<\/div>\n\t\t\t\t\t<div id=\"tribe-events-subscribe-dropdown-content\" class=\"tribe-events-c-subscribe-dropdown__content\">\n\t\t\t\t\t\t<ul class=\"tribe-events-c-subscribe-dropdown__list\">\n\t\t\t\t\t\t\t\t\t\t\t\t\t\t\t<li class=\"tribe-events-c-subscribe-dropdown__list-item\">\n\t\t\t\t\t\t\t\t\t<a\n\t\t\t\t\t\t\t\t\t\thref=\"https:\/\/www.google.com\/calendar\/event?action=TEMPLATE&#038;dates=20221005T190000\/20221005T213000&#038;text=El%20Rotary%20Club%20Tenerife%20Sur%20organiza%20la%20conferencia%20%E2%80%9DExplorando%20La%20Crisis%20Clim%C3%A1tica%E2%80%9D%20de%20la%20mano%20de%20Pancho%20Campo.%20La%20recaudaci%C3%B3n%20ir%C3%A1%20destinada%20al%20Proyecto%20%E2%80%9DUno%20Para%20La%20Palma%E2%80%9D&#038;details=%3C%21--+wp%3Atribe%2Fevent-datetime+%2F--%3E%3C%21--+wp%3Avideo+%7B%22id%22%3A2775%7D+--%3E%3Cfigure+class%3D%22wp-block-video%22%3E%3Cvideo+controls+src%3D%22http%3A%2F%2Fescuelarotarylapalma.com%2Fwp-content%2Fuploads%2F2022%2F10%2FIMG_2237.mov%22%3E%3C%2Fvideo%3E%3C%2Ffigure%3E%3C%21--+%2Fwp%3Avideo+--%3E%3C%21--+wp%3Aparagraph+%7B%22placeholder%22%3A%22A%C3%B1adir+descripci%C3%B3n%E2%80%A6%22%7D+--%3E%3Cp%3EEl+Rotary+Club+Tenerife+Sur+y+Pancho+Campo%2C+de+la+Fundaci%C3%B3n+Global+Nature%2C+organizan+la+conferencia+%E2%80%9D+Explorando+La+Crisis+Clim%C3%A1tica%E2%80%9D%2C+que+tendr%C3%A1+lugar+en+el+Hotel+GF+Victoria.%3C%2Fp%3E%3C%21--+%2Fwp%3Aparagraph+--%3E%3C%21--+wp%3Aparagraph+--%3E%3Cp%3EAdem%C3%A1s+de+divulgar+la+situaci%C3%B3n+medioambiental+actual+y+explicarnos+como+debemos+actuar+ante+la+misma%2C+el+objetivo+tambi%C3%A9n+ser%C3%A1+recaudar+fondos+para+la+construcci%C3%B3n+del+Centro+Educativo+de+Rotary+en+La+Palma.%3C%2Fp%3E%3C%21--(Voir%20toute%20la%20description%20de%20\u00e9v\u00e8nement%20ici\u00a0:%20https:\/\/escuelarotarylapalma.com\/fr\/event\/el-rotary-club-tenerife-sur-organiza-la-conferencia-explorando-la-crisis-climatica-de-la-mano-de-pancho-campo-la-recaudacion-ira-destinada-al-proyecto-uno-para-la-palma\/)&#038;location=Hotel%20GF%20Victoria,%20Calle%20Fernando%20L\u00f3pez%20Arvelo,%201,%20Santa%20Cruz%20de%20Tenerife,%20Islas%20Canarias,%2038660,%20Espa\u00f1a&#038;trp=false&#038;ctz=UTC+0&#038;sprop=website:https:\/\/escuelarotarylapalma.com\/fr\"\n\t\t\t\t\t\t\t\t\t\tclass=\"tribe-events-c-subscribe-dropdown__list-item-link\"\n\t\t\t\t\t\t\t\t\t\ttarget=\"_blank\"\n\t\t\t\t\t\t\t\t\t\trel=\"noopener noreferrer nofollow noindex\"\n\t\t\t\t\t\t\t\t\t>\n\t\t\t\t\t\t\t\t\t\tGoogle Agenda\t\t\t\t\t\t\t\t\t<\/a>\n\t\t\t\t\t\t\t\t<\/li>\n\t\t\t\t\t\t\t\t\t\t\t\t\t\t\t<li class=\"tribe-events-c-subscribe-dropdown__list-item\">\n\t\t\t\t\t\t\t\t\t<a\n\t\t\t\t\t\t\t\t\t\thref=\"\"\n\t\t\t\t\t\t\t\t\t\tclass=\"tribe-events-c-subscribe-dropdown__list-item-link\"\n\t\t\t\t\t\t\t\t\t\ttarget=\"_blank\"\n\t\t\t\t\t\t\t\t\t\trel=\"noopener noreferrer nofollow noindex\"\n\t\t\t\t\t\t\t\t\t>\n\t\t\t\t\t\t\t\t\t\tiCalendar\t\t\t\t\t\t\t\t\t<\/a>\n\t\t\t\t\t\t\t\t<\/li>\n\t\t\t\t\t\t\t\t\t\t\t\t\t\t\t<li class=\"tribe-events-c-subscribe-dropdown__list-item\">\n\t\t\t\t\t\t\t\t\t<a\n\t\t\t\t\t\t\t\t\t\thref=\"\"\n\t\t\t\t\t\t\t\t\t\tclass=\"tribe-events-c-subscribe-dropdown__list-item-link\"\n\t\t\t\t\t\t\t\t\t\ttarget=\"_blank\"\n\t\t\t\t\t\t\t\t\t\trel=\"noopener noreferrer nofollow noindex\"\n\t\t\t\t\t\t\t\t\t>\n\t\t\t\t\t\t\t\t\t\tOutlook 365\t\t\t\t\t\t\t\t\t<\/a>\n\t\t\t\t\t\t\t\t<\/li>\n\t\t\t\t\t\t\t\t\t\t\t\t\t\t\t<li class=\"tribe-events-c-subscribe-dropdown__list-item\">\n\t\t\t\t\t\t\t\t\t<a\n\t\t\t\t\t\t\t\t\t\thref=\"\"\n\t\t\t\t\t\t\t\t\t\tclass=\"tribe-events-c-subscribe-dropdown__list-item-link\"\n\t\t\t\t\t\t\t\t\t\ttarget=\"_blank\"\n\t\t\t\t\t\t\t\t\t\trel=\"noopener noreferrer nofollow noindex\"\n\t\t\t\t\t\t\t\t\t>\n\t\t\t\t\t\t\t\t\t\tOutlook Live\t\t\t\t\t\t\t\t\t<\/a>\n\t\t\t\t\t\t\t\t<\/li>\n\t\t\t\t\t\t\t\t\t\t\t\t\t<\/ul>\n\t\t\t\t\t<\/div>\n\t\t\t\t<\/div>\n\t\t\t<\/div>\n\t\t<\/div>\n\t<\/div>\n\n","protected":false},"excerpt":{"rendered":"<p>El Rotary Club Tenerife Sur y Pancho Campo, de la Fundaci\u00f3n Global Nature, organizan la conferencia \u201d Explorando La Crisis Clim\u00e1tica\u201d, que tendr\u00e1 lugar en el Hotel GF Victoria. Adem\u00e1s de divulgar la situaci\u00f3n medioambiental actual y explicarnos como debemos actuar ante la misma, el objetivo tambi\u00e9n ser\u00e1 recaudar fondos para la construcci\u00f3n del Centro [&hellip;]<\/p>\n","protected":false},"author":2,"featured_media":2773,"comment_status":"open","ping_status":"closed","template":"","meta":{"_acf_changed":false,"_bbp_topic_count":0,"_bbp_reply_count":0,"_bbp_total_topic_count":0,"_bbp_total_reply_count":0,"_bbp_voice_count":0,"_bbp_anonymous_reply_count":0,"_bbp_topic_count_hidden":0,"_bbp_reply_count_hidden":0,"_bbp_forum_subforum_count":0,"_EventAllDay":false,"_EventTimezone":"UTC+0","_EventStartDate":"2022-10-05 19:00:00","_EventEndDate":"2022-10-05 21:30:00","_EventStartDateUTC":"2022-10-05 19:00:00","_EventEndDateUTC":"2022-10-05 21:30:00","_EventShowMap":true,"_EventShowMapLink":true,"_EventURL":"","_EventCost":"5","_EventCostDescription":"","_EventCurrencySymbol":"\u20ac","_EventCurrencyCode":"","_EventCurrencyPosition":"suffix","_EventDateTimeSeparator":" | ","_EventTimeRangeSeparator":" - ","_EventOrganizerID":[2314],"_EventVenueID":[2772],"_OrganizerEmail":"","_OrganizerPhone":"","_OrganizerWebsite":"","_VenueAddress":"","_VenueCity":"","_VenueCountry":"","_VenueProvince":"","_VenueState":"","_VenueZip":"","_VenuePhone":"","_VenueURL":"","_VenueStateProvince":"","_VenueLat":"","_VenueLng":"","_VenueShowMap":false,"_VenueShowMapLink":false,"_tribe_events_status":"","_tribe_events_status_reason":"","footnotes":""},"tags":[],"tribe_events_cat":[],"class_list":["post-2769","tribe_events","type-tribe_events","status-publish","has-post-thumbnail","hentry"],"acf":[],"yoast_head":"<!-- This site is optimized with the Yoast SEO plugin v22.3 - https:\/\/yoast.com\/wordpress\/plugins\/seo\/ -->\n<title>El Rotary Club Tenerife Sur organiza la conferencia \u201dExplorando La Crisis Clim\u00e1tica\u201d de la mano de Pancho Campo. La recaudaci\u00f3n ir\u00e1 destinada al Proyecto \u201dUno Para La Palma\u201d - Escuela Rotary La Palma<\/title>\n<meta name=\"robots\" content=\"index, follow, max-snippet:-1, max-image-preview:large, max-video-preview:-1\" \/>\n<link rel=\"canonical\" href=\"https:\/\/escuelarotarylapalma.com\/fr\/event\/el-rotary-club-tenerife-sur-organiza-la-conferencia-explorando-la-crisis-climatica-de-la-mano-de-pancho-campo-la-recaudacion-ira-destinada-al-proyecto-uno-para-la-palma\/\" \/>\n<meta property=\"og:locale\" content=\"fr_FR\" \/>\n<meta property=\"og:type\" content=\"article\" \/>\n<meta property=\"og:title\" content=\"El Rotary Club Tenerife Sur organiza la conferencia \u201dExplorando La Crisis Clim\u00e1tica\u201d de la mano de Pancho Campo. La recaudaci\u00f3n ir\u00e1 destinada al Proyecto \u201dUno Para La Palma\u201d - Escuela Rotary La Palma\" \/>\n<meta property=\"og:description\" content=\"El Rotary Club Tenerife Sur y Pancho Campo, de la Fundaci\u00f3n Global Nature, organizan la conferencia \u201d Explorando La Crisis Clim\u00e1tica\u201d, que tendr\u00e1 lugar en el Hotel GF Victoria. Adem\u00e1s de divulgar la situaci\u00f3n medioambiental actual y explicarnos como debemos actuar ante la misma, el objetivo tambi\u00e9n ser\u00e1 recaudar fondos para la construcci\u00f3n del Centro [&hellip;]\" \/>\n<meta property=\"og:url\" content=\"https:\/\/escuelarotarylapalma.com\/fr\/event\/el-rotary-club-tenerife-sur-organiza-la-conferencia-explorando-la-crisis-climatica-de-la-mano-de-pancho-campo-la-recaudacion-ira-destinada-al-proyecto-uno-para-la-palma\/\" \/>\n<meta property=\"og:site_name\" content=\"Escuela Rotary La Palma\" \/>\n<meta property=\"article:modified_time\" content=\"2022-10-09T14:07:15+00:00\" \/>\n<meta property=\"og:image\" content=\"https:\/\/escuelarotarylapalma.com\/wp-content\/uploads\/2022\/10\/5D0015A0-33A1-42EF-A615-63AE3462BEDF.jpeg\" \/>\n\t<meta property=\"og:image:width\" content=\"1080\" \/>\n\t<meta property=\"og:image:height\" content=\"1528\" \/>\n\t<meta property=\"og:image:type\" content=\"image\/jpeg\" \/>\n<meta name=\"twitter:card\" content=\"summary_large_image\" \/>\n<meta name=\"twitter:label1\" content=\"Dur\u00e9e de lecture estim\u00e9e\" \/>\n\t<meta name=\"twitter:data1\" content=\"1 minute\" \/>\n<script type=\"application\/ld+json\" class=\"yoast-schema-graph\">{\"@context\":\"https:\/\/schema.org\",\"@graph\":[{\"@type\":\"WebPage\",\"@id\":\"https:\/\/escuelarotarylapalma.com\/event\/el-rotary-club-tenerife-sur-organiza-la-conferencia-explorando-la-crisis-climatica-de-la-mano-de-pancho-campo-la-recaudacion-ira-destinada-al-proyecto-uno-para-la-palma\/\",\"url\":\"https:\/\/escuelarotarylapalma.com\/event\/el-rotary-club-tenerife-sur-organiza-la-conferencia-explorando-la-crisis-climatica-de-la-mano-de-pancho-campo-la-recaudacion-ira-destinada-al-proyecto-uno-para-la-palma\/\",\"name\":\"El Rotary Club Tenerife Sur organiza la conferencia \u201dExplorando La Crisis Clim\u00e1tica\u201d de la mano de Pancho Campo. La recaudaci\u00f3n ir\u00e1 destinada al Proyecto \u201dUno Para La Palma\u201d - Escuela Rotary La Palma\",\"isPartOf\":{\"@id\":\"https:\/\/escuelarotarylapalma.com\/#website\"},\"primaryImageOfPage\":{\"@id\":\"https:\/\/escuelarotarylapalma.com\/event\/el-rotary-club-tenerife-sur-organiza-la-conferencia-explorando-la-crisis-climatica-de-la-mano-de-pancho-campo-la-recaudacion-ira-destinada-al-proyecto-uno-para-la-palma\/#primaryimage\"},\"image\":{\"@id\":\"https:\/\/escuelarotarylapalma.com\/event\/el-rotary-club-tenerife-sur-organiza-la-conferencia-explorando-la-crisis-climatica-de-la-mano-de-pancho-campo-la-recaudacion-ira-destinada-al-proyecto-uno-para-la-palma\/#primaryimage\"},\"thumbnailUrl\":\"https:\/\/escuelarotarylapalma.com\/wp-content\/uploads\/2022\/10\/5D0015A0-33A1-42EF-A615-63AE3462BEDF.jpeg\",\"datePublished\":\"2022-10-04T19:33:51+00:00\",\"dateModified\":\"2022-10-09T14:07:15+00:00\",\"breadcrumb\":{\"@id\":\"https:\/\/escuelarotarylapalma.com\/event\/el-rotary-club-tenerife-sur-organiza-la-conferencia-explorando-la-crisis-climatica-de-la-mano-de-pancho-campo-la-recaudacion-ira-destinada-al-proyecto-uno-para-la-palma\/#breadcrumb\"},\"inLanguage\":\"fr-FR\",\"potentialAction\":[{\"@type\":\"ReadAction\",\"target\":[\"https:\/\/escuelarotarylapalma.com\/event\/el-rotary-club-tenerife-sur-organiza-la-conferencia-explorando-la-crisis-climatica-de-la-mano-de-pancho-campo-la-recaudacion-ira-destinada-al-proyecto-uno-para-la-palma\/\"]}]},{\"@type\":\"ImageObject\",\"inLanguage\":\"fr-FR\",\"@id\":\"https:\/\/escuelarotarylapalma.com\/event\/el-rotary-club-tenerife-sur-organiza-la-conferencia-explorando-la-crisis-climatica-de-la-mano-de-pancho-campo-la-recaudacion-ira-destinada-al-proyecto-uno-para-la-palma\/#primaryimage\",\"url\":\"https:\/\/escuelarotarylapalma.com\/wp-content\/uploads\/2022\/10\/5D0015A0-33A1-42EF-A615-63AE3462BEDF.jpeg\",\"contentUrl\":\"https:\/\/escuelarotarylapalma.com\/wp-content\/uploads\/2022\/10\/5D0015A0-33A1-42EF-A615-63AE3462BEDF.jpeg\",\"width\":1080,\"height\":1528},{\"@type\":\"BreadcrumbList\",\"@id\":\"https:\/\/escuelarotarylapalma.com\/event\/el-rotary-club-tenerife-sur-organiza-la-conferencia-explorando-la-crisis-climatica-de-la-mano-de-pancho-campo-la-recaudacion-ira-destinada-al-proyecto-uno-para-la-palma\/#breadcrumb\",\"itemListElement\":[{\"@type\":\"ListItem\",\"position\":1,\"name\":\"Home\",\"item\":\"https:\/\/escuelarotarylapalma.com\/\"},{\"@type\":\"ListItem\",\"position\":2,\"name\":\"Eventos\",\"item\":\"https:\/\/escuelarotarylapalma.com\/events\/\"},{\"@type\":\"ListItem\",\"position\":3,\"name\":\"El Rotary Club Tenerife Sur organiza la conferencia \u201dExplorando La Crisis Clim\u00e1tica\u201d de la mano de Pancho Campo. La recaudaci\u00f3n ir\u00e1 destinada al Proyecto \u201dUno Para La Palma\u201d\"}]},{\"@type\":\"WebSite\",\"@id\":\"https:\/\/escuelarotarylapalma.com\/#website\",\"url\":\"https:\/\/escuelarotarylapalma.com\/\",\"name\":\"Escuela Rotary La Palma\",\"description\":\"Uno para La Palma\",\"potentialAction\":[{\"@type\":\"SearchAction\",\"target\":{\"@type\":\"EntryPoint\",\"urlTemplate\":\"https:\/\/escuelarotarylapalma.com\/?s={search_term_string}\"},\"query-input\":\"required name=search_term_string\"}],\"inLanguage\":\"fr-FR\"}]}<\/script>\n<!-- \/ Yoast SEO plugin. -->","yoast_head_json":{"title":"El Rotary Club Tenerife Sur organiza la conferencia \u201dExplorando La Crisis Clim\u00e1tica\u201d de la mano de Pancho Campo. La recaudaci\u00f3n ir\u00e1 destinada al Proyecto \u201dUno Para La Palma\u201d - Escuela Rotary La Palma","robots":{"index":"index","follow":"follow","max-snippet":"max-snippet:-1","max-image-preview":"max-image-preview:large","max-video-preview":"max-video-preview:-1"},"canonical":"https:\/\/escuelarotarylapalma.com\/fr\/event\/el-rotary-club-tenerife-sur-organiza-la-conferencia-explorando-la-crisis-climatica-de-la-mano-de-pancho-campo-la-recaudacion-ira-destinada-al-proyecto-uno-para-la-palma\/","og_locale":"fr_FR","og_type":"article","og_title":"El Rotary Club Tenerife Sur organiza la conferencia \u201dExplorando La Crisis Clim\u00e1tica\u201d de la mano de Pancho Campo. La recaudaci\u00f3n ir\u00e1 destinada al Proyecto \u201dUno Para La Palma\u201d - Escuela Rotary La Palma","og_description":"El Rotary Club Tenerife Sur y Pancho Campo, de la Fundaci\u00f3n Global Nature, organizan la conferencia \u201d Explorando La Crisis Clim\u00e1tica\u201d, que tendr\u00e1 lugar en el Hotel GF Victoria. Adem\u00e1s de divulgar la situaci\u00f3n medioambiental actual y explicarnos como debemos actuar ante la misma, el objetivo tambi\u00e9n ser\u00e1 recaudar fondos para la construcci\u00f3n del Centro [&hellip;]","og_url":"https:\/\/escuelarotarylapalma.com\/fr\/event\/el-rotary-club-tenerife-sur-organiza-la-conferencia-explorando-la-crisis-climatica-de-la-mano-de-pancho-campo-la-recaudacion-ira-destinada-al-proyecto-uno-para-la-palma\/","og_site_name":"Escuela Rotary La Palma","article_modified_time":"2022-10-09T14:07:15+00:00","og_image":[{"width":1080,"height":1528,"url":"https:\/\/escuelarotarylapalma.com\/wp-content\/uploads\/2022\/10\/5D0015A0-33A1-42EF-A615-63AE3462BEDF.jpeg","type":"image\/jpeg"}],"twitter_card":"summary_large_image","twitter_misc":{"Dur\u00e9e de lecture estim\u00e9e":"1 minute"},"schema":{"@context":"https:\/\/schema.org","@graph":[{"@type":"WebPage","@id":"https:\/\/escuelarotarylapalma.com\/event\/el-rotary-club-tenerife-sur-organiza-la-conferencia-explorando-la-crisis-climatica-de-la-mano-de-pancho-campo-la-recaudacion-ira-destinada-al-proyecto-uno-para-la-palma\/","url":"https:\/\/escuelarotarylapalma.com\/event\/el-rotary-club-tenerife-sur-organiza-la-conferencia-explorando-la-crisis-climatica-de-la-mano-de-pancho-campo-la-recaudacion-ira-destinada-al-proyecto-uno-para-la-palma\/","name":"El Rotary Club Tenerife Sur organiza la conferencia \u201dExplorando La Crisis Clim\u00e1tica\u201d de la mano de Pancho Campo. La recaudaci\u00f3n ir\u00e1 destinada al Proyecto \u201dUno Para La Palma\u201d - Escuela Rotary La Palma","isPartOf":{"@id":"https:\/\/escuelarotarylapalma.com\/#website"},"primaryImageOfPage":{"@id":"https:\/\/escuelarotarylapalma.com\/event\/el-rotary-club-tenerife-sur-organiza-la-conferencia-explorando-la-crisis-climatica-de-la-mano-de-pancho-campo-la-recaudacion-ira-destinada-al-proyecto-uno-para-la-palma\/#primaryimage"},"image":{"@id":"https:\/\/escuelarotarylapalma.com\/event\/el-rotary-club-tenerife-sur-organiza-la-conferencia-explorando-la-crisis-climatica-de-la-mano-de-pancho-campo-la-recaudacion-ira-destinada-al-proyecto-uno-para-la-palma\/#primaryimage"},"thumbnailUrl":"https:\/\/escuelarotarylapalma.com\/wp-content\/uploads\/2022\/10\/5D0015A0-33A1-42EF-A615-63AE3462BEDF.jpeg","datePublished":"2022-10-04T19:33:51+00:00","dateModified":"2022-10-09T14:07:15+00:00","breadcrumb":{"@id":"https:\/\/escuelarotarylapalma.com\/event\/el-rotary-club-tenerife-sur-organiza-la-conferencia-explorando-la-crisis-climatica-de-la-mano-de-pancho-campo-la-recaudacion-ira-destinada-al-proyecto-uno-para-la-palma\/#breadcrumb"},"inLanguage":"fr-FR","potentialAction":[{"@type":"ReadAction","target":["https:\/\/escuelarotarylapalma.com\/event\/el-rotary-club-tenerife-sur-organiza-la-conferencia-explorando-la-crisis-climatica-de-la-mano-de-pancho-campo-la-recaudacion-ira-destinada-al-proyecto-uno-para-la-palma\/"]}]},{"@type":"ImageObject","inLanguage":"fr-FR","@id":"https:\/\/escuelarotarylapalma.com\/event\/el-rotary-club-tenerife-sur-organiza-la-conferencia-explorando-la-crisis-climatica-de-la-mano-de-pancho-campo-la-recaudacion-ira-destinada-al-proyecto-uno-para-la-palma\/#primaryimage","url":"https:\/\/escuelarotarylapalma.com\/wp-content\/uploads\/2022\/10\/5D0015A0-33A1-42EF-A615-63AE3462BEDF.jpeg","contentUrl":"https:\/\/escuelarotarylapalma.com\/wp-content\/uploads\/2022\/10\/5D0015A0-33A1-42EF-A615-63AE3462BEDF.jpeg","width":1080,"height":1528},{"@type":"BreadcrumbList","@id":"https:\/\/escuelarotarylapalma.com\/event\/el-rotary-club-tenerife-sur-organiza-la-conferencia-explorando-la-crisis-climatica-de-la-mano-de-pancho-campo-la-recaudacion-ira-destinada-al-proyecto-uno-para-la-palma\/#breadcrumb","itemListElement":[{"@type":"ListItem","position":1,"name":"Home","item":"https:\/\/escuelarotarylapalma.com\/"},{"@type":"ListItem","position":2,"name":"Eventos","item":"https:\/\/escuelarotarylapalma.com\/events\/"},{"@type":"ListItem","position":3,"name":"El Rotary Club Tenerife Sur organiza la conferencia \u201dExplorando La Crisis Clim\u00e1tica\u201d de la mano de Pancho Campo. La recaudaci\u00f3n ir\u00e1 destinada al Proyecto \u201dUno Para La Palma\u201d"}]},{"@type":"WebSite","@id":"https:\/\/escuelarotarylapalma.com\/#website","url":"https:\/\/escuelarotarylapalma.com\/","name":"Escuela Rotary La Palma","description":"Uno para La Palma","potentialAction":[{"@type":"SearchAction","target":{"@type":"EntryPoint","urlTemplate":"https:\/\/escuelarotarylapalma.com\/?s={search_term_string}"},"query-input":"required name=search_term_string"}],"inLanguage":"fr-FR"}]}},"_links":{"self":[{"href":"https:\/\/escuelarotarylapalma.com\/fr\/wp-json\/wp\/v2\/tribe_events\/2769"}],"collection":[{"href":"https:\/\/escuelarotarylapalma.com\/fr\/wp-json\/wp\/v2\/tribe_events"}],"about":[{"href":"https:\/\/escuelarotarylapalma.com\/fr\/wp-json\/wp\/v2\/types\/tribe_events"}],"author":[{"embeddable":true,"href":"https:\/\/escuelarotarylapalma.com\/fr\/wp-json\/wp\/v2\/users\/2"}],"replies":[{"embeddable":true,"href":"https:\/\/escuelarotarylapalma.com\/fr\/wp-json\/wp\/v2\/comments?post=2769"}],"version-history":[{"count":4,"href":"https:\/\/escuelarotarylapalma.com\/fr\/wp-json\/wp\/v2\/tribe_events\/2769\/revisions"}],"predecessor-version":[{"id":2782,"href":"https:\/\/escuelarotarylapalma.com\/fr\/wp-json\/wp\/v2\/tribe_events\/2769\/revisions\/2782"}],"wp:featuredmedia":[{"embeddable":true,"href":"https:\/\/escuelarotarylapalma.com\/fr\/wp-json\/wp\/v2\/media\/2773"}],"wp:attachment":[{"href":"https:\/\/escuelarotarylapalma.com\/fr\/wp-json\/wp\/v2\/media?parent=2769"}],"wp:term":[{"taxonomy":"post_tag","embeddable":true,"href":"https:\/\/escuelarotarylapalma.com\/fr\/wp-json\/wp\/v2\/tags?post=2769"},{"taxonomy":"tribe_events_cat","embeddable":true,"href":"https:\/\/escuelarotarylapalma.com\/fr\/wp-json\/wp\/v2\/tribe_events_cat?post=2769"}],"curies":[{"name":"wp","href":"https:\/\/api.w.org\/{rel}","templated":true}]}}