 {"id":2029,"date":"2022-03-07T15:49:18","date_gmt":"2022-03-07T15:49:18","guid":{"rendered":"http:\/\/escuelarotarylapalma.com\/?post_type=tribe_events&#038;p=2029"},"modified":"2022-03-10T10:21:19","modified_gmt":"2022-03-10T10:21:19","slug":"gala-solidaria-gran-canaria","status":"publish","type":"tribe_events","link":"https:\/\/escuelarotarylapalma.com\/en\/event\/gala-solidaria-gran-canaria\/","title":{"rendered":"GALA SOLIDARIA de la Alianza Francesa en Gran Canaria a favor del Proyecto Centro Educativo Rotary en La Palma."},"content":{"rendered":"<div  class=\"tribe-events-schedule tribe-clearfix\" >\n\t<h2 class=\"tribe-events-schedule__datetime\">\n\t\t<span class=\"tribe-events-schedule__date tribe-events-schedule__date--start\">\n\t\t\t20\/03\/2022\t\t<\/span>\n\n\t\t\t\t\t<span class=\"tribe-events-schedule__separator tribe-events-schedule__separator--date\">\n\t\t\t\t | \t\t\t<\/span>\n\t\t\t<span class=\"tribe-events-schedule__time tribe-events-schedule__time--start\">\n\t\t\t\t19:00\t\t\t<\/span>\n\t\t\n\t\t\t\t\t\t\t\t\t<span class=\"tribe-events-schedule__separator tribe-events-schedule__separator--time\">\n\t\t\t\t\t &#8211; \t\t\t\t<\/span>\n\t\t\t\n\t\t\t\t\t\t\t<span class=\"tribe-events-schedule__time tribe-events-schedule__time--end\">\n\t\t\t\t\t21:00\t\t\t\t<\/span>\n\t\t\t\n\t\t\t\t\t\t<\/h2>\n<\/div>\n\n\n<div class=\"tribe-events-event-image\"><img decoding=\"async\" width=\"724\" height=\"1024\" src=\"https:\/\/escuelarotarylapalma.com\/wp-content\/uploads\/2022\/03\/PHOTO-2022-02-18-10-35-17.jpg\" class=\"attachment-full size-full lazyload wp-post-image\" alt=\"\" srcset=\"data:image\/svg+xml,%3Csvg%20xmlns%3D%27http%3A%2F%2Fwww.w3.org%2F2000%2Fsvg%27%20width%3D%27724%27%20height%3D%271024%27%20viewBox%3D%270%200%20724%201024%27%3E%3Crect%20width%3D%27724%27%20height%3D%271024%27%20fill-opacity%3D%220%22%2F%3E%3C%2Fsvg%3E\" data-orig-src=\"https:\/\/escuelarotarylapalma.com\/wp-content\/uploads\/2022\/03\/PHOTO-2022-02-18-10-35-17.jpg\" data-srcset=\"https:\/\/escuelarotarylapalma.com\/wp-content\/uploads\/2022\/03\/PHOTO-2022-02-18-10-35-17-200x283.jpg 200w, https:\/\/escuelarotarylapalma.com\/wp-content\/uploads\/2022\/03\/PHOTO-2022-02-18-10-35-17-212x300.jpg 212w, https:\/\/escuelarotarylapalma.com\/wp-content\/uploads\/2022\/03\/PHOTO-2022-02-18-10-35-17-400x566.jpg 400w, https:\/\/escuelarotarylapalma.com\/wp-content\/uploads\/2022\/03\/PHOTO-2022-02-18-10-35-17-500x707.jpg 500w, https:\/\/escuelarotarylapalma.com\/wp-content\/uploads\/2022\/03\/PHOTO-2022-02-18-10-35-17-600x849.jpg 600w, https:\/\/escuelarotarylapalma.com\/wp-content\/uploads\/2022\/03\/PHOTO-2022-02-18-10-35-17-700x990.jpg 700w, https:\/\/escuelarotarylapalma.com\/wp-content\/uploads\/2022\/03\/PHOTO-2022-02-18-10-35-17.jpg 724w\" data-sizes=\"auto\" \/><\/div>\n\n<p>La Alianza Francesa de las Palmas, en colaboraci\u00f3n con el Rotary Club y la fundaci\u00f3n Caixa Bank y con el patronato de la Fundaci\u00f3n Auditorio Teatro de Las Palmas de Gran Canaria y del Cabildo de Gran Canaria organiza una <b>gala ben\u00e9fica a favor a las victimas desalojadas por la erupci\u00f3n del volc\u00e1n Cumbre Vieja de la Isla de la Palma.<\/b><\/p>\n<p>El concierto se organizar\u00e1 como parte del d\u00eda mundial de la Francofon\u00eda el <b>20 de marzo del 2022 a las 19H00, en el auditorio Alfredo Kraus.<\/b><\/p>\n<p>El tema del concierto es la \u00f3pera francesa del siglo XIX con la famosa cantante canaria <b>Cristina Ramos<\/b>, el tenor <b>Pancho Corujo<\/b>, la mezzo soprano <b>Bel\u00e9n Elvira <\/b>acompa\u00f1ados por el pianista <b>Juan Francisco Parra<\/b>. El programa de arias y d\u00faos de opera francesa empieza con melod\u00edas rom\u00e1nticas de Debussy y Delibes, para seguir con obras m\u00e1s dram\u00e1ticas como Carmen de Bizet y terminar con \u00f3pera c\u00f3mica con obras de Offenbach.<\/p>\n<p>Las donaciones recaudadas ir\u00e1n al proyecto de construcci\u00f3n de un colegio que llevan a cabo los clubes ROTARIOS de las Islas Canarias con el apoyo del Gobierno de Canarias, para reemplazar el destruido colegio los Campito de la zona de El Para\u00edso de la Isla de La Palma. El proyecto tiene un presupuesto de 1 mill\u00f3n de euros se realizara sobre un terreno cedido por el Cabildo de La Palma.<\/p>\n<p><b>La Alianza Francesa de Las Palmas <\/b>fue creada en 1926, es un Centro de ense\u00f1anza del franc\u00e9s y el \u00fanico Centro Oficial de Ex\u00e1menes DELF\/DALF de la isla. Dispone de un amplio centro de documentaci\u00f3n y organiza varias manifestaciones culturales dentro de la ciudad, en colaboraci\u00f3n con las entidades locales y centros culturales, como exposiciones, ciclos de cine, conferencias, conciertos&#8230;<\/p>\n<p>Alianza Francesa en el Mundo: toda Alianza Francesa es una asociaci\u00f3n aut\u00f3noma de derecho local, sin fines de lucro, bajo la responsabilidad de una junta directiva y afiliada a la fundaci\u00f3n Alianza Francesa de Par\u00eds. En el mundo ya existen 832 Alianzas Francesas, repartidas en 132 pa\u00edses con m\u00e1s de 500.000 alumnos.<\/p>\n<p>La historia de la Alianza Francesa se remonta al 21 de julio de 1883 en Par\u00eds. El Consejo de Administraci\u00f3n estaba compuesto por pol\u00edticos, diplom\u00e1ticos, escritores, arque\u00f3logos, historiadores, magistrados, editores, gente de la iglesia. Nombres ilustres como Ferdinand de Lesseps, Louis Pasteur, Ernest Renan, Jules Verne, Armand Colin formaron parte del mismo y durante largos a\u00f1os trabajaron con determinaci\u00f3n para consolidar su existencia y hacerla prosperar. Desde 1886, la Asociaci\u00f3n es reconocida de utilidad p\u00fablica.<\/p>\n<p>El principal cooperador de la Alianza Francesa de Las Palmas es el Cabildo de Gran Canaria ya que pone a disposici\u00f3n un local en la calle Buenos Aires, como parte de protocolo que se firm\u00f3 con el Embajador de Francia hace 10 anos.<b>Rotary <\/b>nace con la visi\u00f3n de un hombre, Paul Harris, abogado de Chicago quien fund\u00f3 el Club Rotario de Chicago un 23 de febrero de 1905. Su prop\u00f3sito fue formar un c\u00edrculo de profesionales dedicados a diversos campos con miras a propiciar el intercambio de ideas y la forja de lazos de amistad. Con el tiempo, el alcance y la visi\u00f3n de Rotary se extendieron gradualmente a los servicios humanitarios.<\/p>\n<p>Gran Canaria cuenta con 4 clubes Rotary: Las Palmas, Maspalomas, Arucas y Tafira.<\/p>\n<p>&nbsp;<\/p>\n\n\t<div  class=\"tribe-block tribe-block__events-link\" >\n\t\t<div class=\"tribe-events tribe-common\">\n\t\t\t<div class=\"tribe-events-c-subscribe-dropdown__container\">\n\t\t\t\t<div class=\"tribe-events-c-subscribe-dropdown\">\n\t\t\t\t\t<div class=\"tribe-common-c-btn-border tribe-events-c-subscribe-dropdown__button\">\n\t\t\t\t\t\t<svg  class=\"tribe-common-c-svgicon tribe-common-c-svgicon--cal-export tribe-events-c-subscribe-dropdown__export-icon\"  viewBox=\"0 0 23 17\" xmlns=\"http:\/\/www.w3.org\/2000\/svg\">\n  <path fill-rule=\"evenodd\" clip-rule=\"evenodd\" d=\"M.128.896V16.13c0 .211.145.383.323.383h15.354c.179 0 .323-.172.323-.383V.896c0-.212-.144-.383-.323-.383H.451C.273.513.128.684.128.896Zm16 6.742h-.901V4.679H1.009v10.729h14.218v-3.336h.901V7.638ZM1.01 1.614h14.218v2.058H1.009V1.614Z\" \/>\n  <path d=\"M20.5 9.846H8.312M18.524 6.953l2.89 2.909-2.855 2.855\" stroke-width=\"1.2\" stroke-linecap=\"round\" stroke-linejoin=\"round\"\/>\n<\/svg>\n\t\t\t\t\t\t<button\n\t\t\t\t\t\t\tclass=\"tribe-events-c-subscribe-dropdown__button-text\"\n\t\t\t\t\t\t\taria-expanded=\"false\"\n\t\t\t\t\t\t\taria-controls=\"tribe-events-subscribe-dropdown-content\"\n\t\t\t\t\t\t\taria-label=\"\"\n\t\t\t\t\t\t>\n\t\t\t\t\t\t\tAdd to calendar\t\t\t\t\t\t<\/button>\n\t\t\t\t\t\t<svg  class=\"tribe-common-c-svgicon tribe-common-c-svgicon--caret-down tribe-events-c-subscribe-dropdown__button-icon\"  viewBox=\"0 0 10 7\" xmlns=\"http:\/\/www.w3.org\/2000\/svg\"><path fill-rule=\"evenodd\" clip-rule=\"evenodd\" d=\"M1.008.609L5 4.6 8.992.61l.958.958L5 6.517.05 1.566l.958-.958z\" class=\"tribe-common-c-svgicon__svg-fill\"\/><\/svg>\n\t\t\t\t\t<\/div>\n\t\t\t\t\t<div id=\"tribe-events-subscribe-dropdown-content\" class=\"tribe-events-c-subscribe-dropdown__content\">\n\t\t\t\t\t\t<ul class=\"tribe-events-c-subscribe-dropdown__list\">\n\t\t\t\t\t\t\t\t\t\t\t\t\t\t\t<li class=\"tribe-events-c-subscribe-dropdown__list-item\">\n\t\t\t\t\t\t\t\t\t<a\n\t\t\t\t\t\t\t\t\t\thref=\"https:\/\/www.google.com\/calendar\/event?action=TEMPLATE&#038;dates=20220320T190000\/20220320T210000&#038;text=GALA%20SOLIDARIA%20de%20la%20Alianza%20Francesa%20en%20Gran%20Canaria%20a%20favor%20del%20Proyecto%20Centro%20Educativo%20Rotary%20en%20La%20Palma.&#038;details=%3C%21--+wp%3Atribe%2Fevent-datetime+%2F--%3E%3C%21--+wp%3Atribe%2Ffeatured-image+%2F--%3E%3Cp%3ELa+Alianza+Francesa+de+las+Palmas%2C+en+colaboraci%C3%B3n+con+el+Rotary+Club+y+la+fundaci%C3%B3n+Caixa+Bank+y+con+el+patronato+de+la+Fundaci%C3%B3n+Auditorio+Teatro+de+Las+Palmas+de+Gran+Canaria+y+del+Cabildo+de+Gran+Canaria+organiza+una+%3Cb%3Egala+ben%C3%A9fica+a+favor+a+las+victimas+desalojadas+por+la+erupci%C3%B3n+del+volc%C3%A1n+Cumbre+Vieja+de+la+Isla+de+la+Palma.%3C%2Fb%3E%3C%2Fp%3E%3Cp%3EEl+concierto+se+organizar%C3%A1+como+parte+del+d%C3%ADa+mundial+de+la+Francofon%C3%ADa+el+%3Cb%3E20+de+marzo+del+2022+a+las+19H00%2C+en+el+auditorio+Alfredo+Kraus.%3C%2Fb%3E%3C%2Fp%3E%3Cp%3EEl+tema+del+concierto+es+la+%C3%B3pera+francesa+del+siglo+XIX+con+la+famosa+cantante+canaria+%3Cb%3ECristina+Ramos%3C%2Fb%3E%2C+el+tenor+%3Cb%3EPancho+Corujo%3C%2Fb%3E%2C+la+mezzo+soprano+%3Cb%3EBel%C3%A9n+Elvira+%3C%2Fb%3Eacompa%C3%B1ados+por+el+pianista+%3Cb%3EJuan+Francisco+Parra%3C%2Fb%3%20(View%20Full%20event%20Description%20Here:%20https:\/\/escuelarotarylapalma.com\/en\/event\/gala-solidaria-gran-canaria\/)&#038;location=Auditorio%20Alfredo%20Kraus,%20Las%20Palmas%20de%20Gran%20Canaria,%20Gran%20Canaria,%20Espa\u00f1a&#038;trp=false&#038;ctz=UTC+0&#038;sprop=website:https:\/\/escuelarotarylapalma.com\/en\"\n\t\t\t\t\t\t\t\t\t\tclass=\"tribe-events-c-subscribe-dropdown__list-item-link\"\n\t\t\t\t\t\t\t\t\t\ttarget=\"_blank\"\n\t\t\t\t\t\t\t\t\t\trel=\"noopener noreferrer nofollow noindex\"\n\t\t\t\t\t\t\t\t\t>\n\t\t\t\t\t\t\t\t\t\tGoogle Calendar\t\t\t\t\t\t\t\t\t<\/a>\n\t\t\t\t\t\t\t\t<\/li>\n\t\t\t\t\t\t\t\t\t\t\t\t\t\t\t<li class=\"tribe-events-c-subscribe-dropdown__list-item\">\n\t\t\t\t\t\t\t\t\t<a\n\t\t\t\t\t\t\t\t\t\thref=\"\"\n\t\t\t\t\t\t\t\t\t\tclass=\"tribe-events-c-subscribe-dropdown__list-item-link\"\n\t\t\t\t\t\t\t\t\t\ttarget=\"_blank\"\n\t\t\t\t\t\t\t\t\t\trel=\"noopener noreferrer nofollow noindex\"\n\t\t\t\t\t\t\t\t\t>\n\t\t\t\t\t\t\t\t\t\tiCalendar\t\t\t\t\t\t\t\t\t<\/a>\n\t\t\t\t\t\t\t\t<\/li>\n\t\t\t\t\t\t\t\t\t\t\t\t\t\t\t<li class=\"tribe-events-c-subscribe-dropdown__list-item\">\n\t\t\t\t\t\t\t\t\t<a\n\t\t\t\t\t\t\t\t\t\thref=\"\"\n\t\t\t\t\t\t\t\t\t\tclass=\"tribe-events-c-subscribe-dropdown__list-item-link\"\n\t\t\t\t\t\t\t\t\t\ttarget=\"_blank\"\n\t\t\t\t\t\t\t\t\t\trel=\"noopener noreferrer nofollow noindex\"\n\t\t\t\t\t\t\t\t\t>\n\t\t\t\t\t\t\t\t\t\tOutlook 365\t\t\t\t\t\t\t\t\t<\/a>\n\t\t\t\t\t\t\t\t<\/li>\n\t\t\t\t\t\t\t\t\t\t\t\t\t\t\t<li class=\"tribe-events-c-subscribe-dropdown__list-item\">\n\t\t\t\t\t\t\t\t\t<a\n\t\t\t\t\t\t\t\t\t\thref=\"\"\n\t\t\t\t\t\t\t\t\t\tclass=\"tribe-events-c-subscribe-dropdown__list-item-link\"\n\t\t\t\t\t\t\t\t\t\ttarget=\"_blank\"\n\t\t\t\t\t\t\t\t\t\trel=\"noopener noreferrer nofollow noindex\"\n\t\t\t\t\t\t\t\t\t>\n\t\t\t\t\t\t\t\t\t\tOutlook Live\t\t\t\t\t\t\t\t\t<\/a>\n\t\t\t\t\t\t\t\t<\/li>\n\t\t\t\t\t\t\t\t\t\t\t\t\t<\/ul>\n\t\t\t\t\t<\/div>\n\t\t\t\t<\/div>\n\t\t\t<\/div>\n\t\t<\/div>\n\t<\/div>\n\n\n\n<div  class=\"tribe-events-single-section tribe-events-event-meta primary tribe-clearfix\" >\n\t\n\t\n<div class=\"tribe-events-meta-group tribe-events-meta-group-details\">\n\t<h3 class=\"tribe-events-single-section-title\">\n\t\t\t\t\tDetails\t\t\n\t<\/h3>\n\t<dl>\n\n\t\t\n\t\t\t<dt> Date: <\/dt>\n\t\t\t<dd>\n\t\t\t\t<abbr class=\"tribe-events-abbr tribe-events-start-date published dtstart\" title=\"2022-03-20\"> 20\/03\/2022 <\/abbr>\n\t\t\t<\/dd>\n\n\t\t\t<dt> Time: <\/dt>\n\t\t\t<dd>\n\t\t\t\t<div class=\"tribe-events-abbr tribe-events-start-time published dtstart\" title=\"2022-03-20\">\n\t\t\t\t\t19:00 &#8211; 21:00\t\t\t\t\t\t\t\t\t<\/div>\n\t\t\t<\/dd>\n\n\t\t\n\t\t\n\t\t\n\t\t\n\t\t\n\t\t\n\t\t\t<\/dl>\n<\/div>\n\t\n<div class=\"tribe-events-meta-group tribe-events-meta-group-organizer\">\n\t<h3 class=\"tribe-events-single-section-title\">\n\t\t\t\t\tOrganiser\t\t\t<\/h3>\n\t<dl>\n\t\t\t\t\t<dt\n\t\t\t\tclass=\"tribe-common-a11y-visual-hide\"\n\t\t\t\taria-label=\"Organiser name: This represents the name of the event organiser.\"\n\t\t\t>\n\t\t\t\t\t\t\t<\/dt>\n\t\t\t<dd class=\"tribe-organizer\">\n\t\t\t\tAlianza Francesa\t\t\t<\/dd>\n\t\t\t\t\t\t\t<dt>\n\t\t\t\t\tPhone\t\t\t\t<\/dt>\n\t\t\t\t<dd class=\"tribe-organizer-tel\">\n\t\t\t\t\t928 36 83 79\t\t\t\t<\/dd>\n\t\t\t\t\t\t\t\t<dt>\n\t\t\t\t\tEmail\t\t\t\t<\/dt>\n\t\t\t\t<dd class=\"tribe-organizer-email\">\n\t\t\t\t\tin&#102;o&#064;&#097;l&#105;an&#122;&#097;&#102;&#108;p.o&#114;g\t\t\t\t<\/dd>\n\t\t\t\t\t<\/dl>\n<\/div>\n\n\t<\/div>\n\n\n<div  class=\"tribe-block tribe-block__venue tribe-clearfix tribe-block__venue--has-map\" >\n\t\n\t\n<div class=\"tribe-block__venue__meta\">\n\t<div class=\"tribe-block__venue__name\">\n\t\t<h3>Auditorio Alfredo Kraus<\/h3>\n\t<\/div>\n\n\t\n\t\t\t<address class=\"tribe-block__venue__address\">\n\t\t\t<span class=\"tribe-address\">\n\n\n\t<span class=\"tribe-locality\">Las Palmas de Gran Canaria<\/span><span class=\"tribe-delimiter\">,<\/span>\n\n\t<abbr class=\"tribe-region tribe-events-abbr\" title=\"Gran Canaria\">Gran Canaria<\/abbr>\n\n\n\t<span class=\"tribe-country-name\">Espa\u00f1a<\/span>\n\n<\/span>\n\n\t\t\t\t\t\t\t<a class=\"tribe-events-gmap\" href=\"https:\/\/maps.google.com\/maps?f=q&#038;source=s_q&#038;hl=en&#038;geocode=&#038;q=Las+Palmas+de+Gran+Canaria+Gran+Canaria+Espa%C3%B1a\" title=\"Click to view a Google Map\" target=\"_blank\" rel=\"noreferrer noopener\">+ Google Map<\/a>\t\t\t\t\t<\/address>\n\t\n\t\n\t\n\t<\/div>\n\t\n<div class=\"tribe-block__venue__map\">\n\t\n<iframe\n  title=\"Google maps iframe displaying the address to Auditorio Alfredo Kraus\"\n  aria-label=\"Venue location map\"\n  width=\"310px\"\n  height=\"256px\"\n  frameborder=\"0\" style=\"border:0\"\n  src=\"https:\/\/www.google.com\/maps\/embed\/v1\/place?key=AIzaSyDNsicAsP6-VuGtAb1O9riI3oc_NOb7IOU&#038;q=Las+Palmas+de+Gran+Canaria+Gran+Canaria+Espa%C3%B1a+&#038;zoom=10\" allowfullscreen>\n<\/iframe>\n<\/div>\n\n\t<\/div>\n","protected":false},"excerpt":{"rendered":"<p>La Alianza Francesa de las Palmas, en colaboraci\u00f3n con el Rotary Club y la fundaci\u00f3n Caixa Bank y con el patronato de la Fundaci\u00f3n Auditorio Teatro de Las Palmas de Gran Canaria y del Cabildo de Gran Canaria organiza una gala ben\u00e9fica a favor a las victimas desalojadas por la erupci\u00f3n del volc\u00e1n Cumbre Vieja [&hellip;]<\/p>\n","protected":false},"author":1,"featured_media":1871,"comment_status":"closed","ping_status":"closed","template":"","meta":{"_acf_changed":false,"_bbp_topic_count":0,"_bbp_reply_count":0,"_bbp_total_topic_count":0,"_bbp_total_reply_count":0,"_bbp_voice_count":0,"_bbp_anonymous_reply_count":0,"_bbp_topic_count_hidden":0,"_bbp_reply_count_hidden":0,"_bbp_forum_subforum_count":0,"_EventAllDay":false,"_EventTimezone":"UTC+0","_EventStartDate":"2022-03-20 19:00:00","_EventEndDate":"2022-03-20 21:00:00","_EventStartDateUTC":"2022-03-20 19:00:00","_EventEndDateUTC":"2022-03-20 21:00:00","_EventShowMap":true,"_EventShowMapLink":true,"_EventURL":"","_EventCost":"","_EventCostDescription":"","_EventCurrencySymbol":"","_EventCurrencyCode":"","_EventCurrencyPosition":"prefix","_EventDateTimeSeparator":"","_EventTimeRangeSeparator":"","_EventOrganizerID":[2058],"_EventVenueID":[2057],"_OrganizerEmail":"","_OrganizerPhone":"","_OrganizerWebsite":"","_VenueAddress":"","_VenueCity":"","_VenueCountry":"","_VenueProvince":"","_VenueState":"","_VenueZip":"","_VenuePhone":"","_VenueURL":"","_VenueStateProvince":"","_VenueLat":"","_VenueLng":"","_VenueShowMap":false,"_VenueShowMapLink":false,"_tribe_events_status":"","_tribe_events_status_reason":"","footnotes":""},"tags":[],"tribe_events_cat":[],"class_list":["post-2029","tribe_events","type-tribe_events","status-publish","has-post-thumbnail","hentry"],"acf":[],"yoast_head":"<!-- This site is optimized with the Yoast SEO plugin v22.3 - https:\/\/yoast.com\/wordpress\/plugins\/seo\/ -->\n<title>GALA SOLIDARIA de la Alianza Francesa en Gran Canaria a favor del Proyecto Centro Educativo Rotary en La Palma. - Escuela Rotary La Palma<\/title>\n<meta name=\"robots\" content=\"index, follow, max-snippet:-1, max-image-preview:large, max-video-preview:-1\" \/>\n<link rel=\"canonical\" href=\"https:\/\/escuelarotarylapalma.com\/en\/event\/gala-solidaria-gran-canaria\/\" \/>\n<meta property=\"og:locale\" content=\"en_GB\" \/>\n<meta property=\"og:type\" content=\"article\" \/>\n<meta property=\"og:title\" content=\"GALA SOLIDARIA de la Alianza Francesa en Gran Canaria a favor del Proyecto Centro Educativo Rotary en La Palma. - Escuela Rotary La Palma\" \/>\n<meta property=\"og:description\" content=\"La Alianza Francesa de las Palmas, en colaboraci\u00f3n con el Rotary Club y la fundaci\u00f3n Caixa Bank y con el patronato de la Fundaci\u00f3n Auditorio Teatro de Las Palmas de Gran Canaria y del Cabildo de Gran Canaria organiza una gala ben\u00e9fica a favor a las victimas desalojadas por la erupci\u00f3n del volc\u00e1n Cumbre Vieja [&hellip;]\" \/>\n<meta property=\"og:url\" content=\"https:\/\/escuelarotarylapalma.com\/en\/event\/gala-solidaria-gran-canaria\/\" \/>\n<meta property=\"og:site_name\" content=\"Escuela Rotary La Palma\" \/>\n<meta property=\"article:modified_time\" content=\"2022-03-10T10:21:19+00:00\" \/>\n<meta property=\"og:image\" content=\"https:\/\/escuelarotarylapalma.com\/wp-content\/uploads\/2022\/03\/PHOTO-2022-02-18-10-35-17.jpg\" \/>\n\t<meta property=\"og:image:width\" content=\"724\" \/>\n\t<meta property=\"og:image:height\" content=\"1024\" \/>\n\t<meta property=\"og:image:type\" content=\"image\/jpeg\" \/>\n<meta name=\"twitter:card\" content=\"summary_large_image\" \/>\n<meta name=\"twitter:label1\" content=\"Estimated reading time\" \/>\n\t<meta name=\"twitter:data1\" content=\"3 minutes\" \/>\n<script type=\"application\/ld+json\" class=\"yoast-schema-graph\">{\"@context\":\"https:\/\/schema.org\",\"@graph\":[{\"@type\":\"WebPage\",\"@id\":\"https:\/\/escuelarotarylapalma.com\/event\/gala-solidaria-gran-canaria\/\",\"url\":\"https:\/\/escuelarotarylapalma.com\/event\/gala-solidaria-gran-canaria\/\",\"name\":\"GALA SOLIDARIA de la Alianza Francesa en Gran Canaria a favor del Proyecto Centro Educativo Rotary en La Palma. - Escuela Rotary La Palma\",\"isPartOf\":{\"@id\":\"https:\/\/escuelarotarylapalma.com\/#website\"},\"primaryImageOfPage\":{\"@id\":\"https:\/\/escuelarotarylapalma.com\/event\/gala-solidaria-gran-canaria\/#primaryimage\"},\"image\":{\"@id\":\"https:\/\/escuelarotarylapalma.com\/event\/gala-solidaria-gran-canaria\/#primaryimage\"},\"thumbnailUrl\":\"https:\/\/escuelarotarylapalma.com\/wp-content\/uploads\/2022\/03\/PHOTO-2022-02-18-10-35-17.jpg\",\"datePublished\":\"2022-03-07T15:49:18+00:00\",\"dateModified\":\"2022-03-10T10:21:19+00:00\",\"breadcrumb\":{\"@id\":\"https:\/\/escuelarotarylapalma.com\/event\/gala-solidaria-gran-canaria\/#breadcrumb\"},\"inLanguage\":\"en-GB\",\"potentialAction\":[{\"@type\":\"ReadAction\",\"target\":[\"https:\/\/escuelarotarylapalma.com\/event\/gala-solidaria-gran-canaria\/\"]}]},{\"@type\":\"ImageObject\",\"inLanguage\":\"en-GB\",\"@id\":\"https:\/\/escuelarotarylapalma.com\/event\/gala-solidaria-gran-canaria\/#primaryimage\",\"url\":\"https:\/\/escuelarotarylapalma.com\/wp-content\/uploads\/2022\/03\/PHOTO-2022-02-18-10-35-17.jpg\",\"contentUrl\":\"https:\/\/escuelarotarylapalma.com\/wp-content\/uploads\/2022\/03\/PHOTO-2022-02-18-10-35-17.jpg\",\"width\":724,\"height\":1024},{\"@type\":\"BreadcrumbList\",\"@id\":\"https:\/\/escuelarotarylapalma.com\/event\/gala-solidaria-gran-canaria\/#breadcrumb\",\"itemListElement\":[{\"@type\":\"ListItem\",\"position\":1,\"name\":\"Home\",\"item\":\"https:\/\/escuelarotarylapalma.com\/\"},{\"@type\":\"ListItem\",\"position\":2,\"name\":\"Eventos\",\"item\":\"https:\/\/escuelarotarylapalma.com\/events\/\"},{\"@type\":\"ListItem\",\"position\":3,\"name\":\"GALA SOLIDARIA de la Alianza Francesa en Gran Canaria a favor del Proyecto Centro Educativo Rotary en La Palma.\"}]},{\"@type\":\"WebSite\",\"@id\":\"https:\/\/escuelarotarylapalma.com\/#website\",\"url\":\"https:\/\/escuelarotarylapalma.com\/\",\"name\":\"Escuela Rotary La Palma\",\"description\":\"Uno para La Palma\",\"potentialAction\":[{\"@type\":\"SearchAction\",\"target\":{\"@type\":\"EntryPoint\",\"urlTemplate\":\"https:\/\/escuelarotarylapalma.com\/?s={search_term_string}\"},\"query-input\":\"required name=search_term_string\"}],\"inLanguage\":\"en-GB\"}]}<\/script>\n<!-- \/ Yoast SEO plugin. -->","yoast_head_json":{"title":"GALA SOLIDARIA de la Alianza Francesa en Gran Canaria a favor del Proyecto Centro Educativo Rotary en La Palma. - Escuela Rotary La Palma","robots":{"index":"index","follow":"follow","max-snippet":"max-snippet:-1","max-image-preview":"max-image-preview:large","max-video-preview":"max-video-preview:-1"},"canonical":"https:\/\/escuelarotarylapalma.com\/en\/event\/gala-solidaria-gran-canaria\/","og_locale":"en_GB","og_type":"article","og_title":"GALA SOLIDARIA de la Alianza Francesa en Gran Canaria a favor del Proyecto Centro Educativo Rotary en La Palma. - Escuela Rotary La Palma","og_description":"La Alianza Francesa de las Palmas, en colaboraci\u00f3n con el Rotary Club y la fundaci\u00f3n Caixa Bank y con el patronato de la Fundaci\u00f3n Auditorio Teatro de Las Palmas de Gran Canaria y del Cabildo de Gran Canaria organiza una gala ben\u00e9fica a favor a las victimas desalojadas por la erupci\u00f3n del volc\u00e1n Cumbre Vieja [&hellip;]","og_url":"https:\/\/escuelarotarylapalma.com\/en\/event\/gala-solidaria-gran-canaria\/","og_site_name":"Escuela Rotary La Palma","article_modified_time":"2022-03-10T10:21:19+00:00","og_image":[{"width":724,"height":1024,"url":"https:\/\/escuelarotarylapalma.com\/wp-content\/uploads\/2022\/03\/PHOTO-2022-02-18-10-35-17.jpg","type":"image\/jpeg"}],"twitter_card":"summary_large_image","twitter_misc":{"Estimated reading time":"3 minutes"},"schema":{"@context":"https:\/\/schema.org","@graph":[{"@type":"WebPage","@id":"https:\/\/escuelarotarylapalma.com\/event\/gala-solidaria-gran-canaria\/","url":"https:\/\/escuelarotarylapalma.com\/event\/gala-solidaria-gran-canaria\/","name":"GALA SOLIDARIA de la Alianza Francesa en Gran Canaria a favor del Proyecto Centro Educativo Rotary en La Palma. - Escuela Rotary La Palma","isPartOf":{"@id":"https:\/\/escuelarotarylapalma.com\/#website"},"primaryImageOfPage":{"@id":"https:\/\/escuelarotarylapalma.com\/event\/gala-solidaria-gran-canaria\/#primaryimage"},"image":{"@id":"https:\/\/escuelarotarylapalma.com\/event\/gala-solidaria-gran-canaria\/#primaryimage"},"thumbnailUrl":"https:\/\/escuelarotarylapalma.com\/wp-content\/uploads\/2022\/03\/PHOTO-2022-02-18-10-35-17.jpg","datePublished":"2022-03-07T15:49:18+00:00","dateModified":"2022-03-10T10:21:19+00:00","breadcrumb":{"@id":"https:\/\/escuelarotarylapalma.com\/event\/gala-solidaria-gran-canaria\/#breadcrumb"},"inLanguage":"en-GB","potentialAction":[{"@type":"ReadAction","target":["https:\/\/escuelarotarylapalma.com\/event\/gala-solidaria-gran-canaria\/"]}]},{"@type":"ImageObject","inLanguage":"en-GB","@id":"https:\/\/escuelarotarylapalma.com\/event\/gala-solidaria-gran-canaria\/#primaryimage","url":"https:\/\/escuelarotarylapalma.com\/wp-content\/uploads\/2022\/03\/PHOTO-2022-02-18-10-35-17.jpg","contentUrl":"https:\/\/escuelarotarylapalma.com\/wp-content\/uploads\/2022\/03\/PHOTO-2022-02-18-10-35-17.jpg","width":724,"height":1024},{"@type":"BreadcrumbList","@id":"https:\/\/escuelarotarylapalma.com\/event\/gala-solidaria-gran-canaria\/#breadcrumb","itemListElement":[{"@type":"ListItem","position":1,"name":"Home","item":"https:\/\/escuelarotarylapalma.com\/"},{"@type":"ListItem","position":2,"name":"Eventos","item":"https:\/\/escuelarotarylapalma.com\/events\/"},{"@type":"ListItem","position":3,"name":"GALA SOLIDARIA de la Alianza Francesa en Gran Canaria a favor del Proyecto Centro Educativo Rotary en La Palma."}]},{"@type":"WebSite","@id":"https:\/\/escuelarotarylapalma.com\/#website","url":"https:\/\/escuelarotarylapalma.com\/","name":"Escuela Rotary La Palma","description":"Uno para La Palma","potentialAction":[{"@type":"SearchAction","target":{"@type":"EntryPoint","urlTemplate":"https:\/\/escuelarotarylapalma.com\/?s={search_term_string}"},"query-input":"required name=search_term_string"}],"inLanguage":"en-GB"}]}},"_links":{"self":[{"href":"https:\/\/escuelarotarylapalma.com\/en\/wp-json\/wp\/v2\/tribe_events\/2029"}],"collection":[{"href":"https:\/\/escuelarotarylapalma.com\/en\/wp-json\/wp\/v2\/tribe_events"}],"about":[{"href":"https:\/\/escuelarotarylapalma.com\/en\/wp-json\/wp\/v2\/types\/tribe_events"}],"author":[{"embeddable":true,"href":"https:\/\/escuelarotarylapalma.com\/en\/wp-json\/wp\/v2\/users\/1"}],"replies":[{"embeddable":true,"href":"https:\/\/escuelarotarylapalma.com\/en\/wp-json\/wp\/v2\/comments?post=2029"}],"version-history":[{"count":6,"href":"https:\/\/escuelarotarylapalma.com\/en\/wp-json\/wp\/v2\/tribe_events\/2029\/revisions"}],"predecessor-version":[{"id":2312,"href":"https:\/\/escuelarotarylapalma.com\/en\/wp-json\/wp\/v2\/tribe_events\/2029\/revisions\/2312"}],"wp:featuredmedia":[{"embeddable":true,"href":"https:\/\/escuelarotarylapalma.com\/en\/wp-json\/wp\/v2\/media\/1871"}],"wp:attachment":[{"href":"https:\/\/escuelarotarylapalma.com\/en\/wp-json\/wp\/v2\/media?parent=2029"}],"wp:term":[{"taxonomy":"post_tag","embeddable":true,"href":"https:\/\/escuelarotarylapalma.com\/en\/wp-json\/wp\/v2\/tags?post=2029"},{"taxonomy":"tribe_events_cat","embeddable":true,"href":"https:\/\/escuelarotarylapalma.com\/en\/wp-json\/wp\/v2\/tribe_events_cat?post=2029"}],"curies":[{"name":"wp","href":"https:\/\/api.w.org\/{rel}","templated":true}]}}